{"id":50801,"date":"2023-03-24T11:04:17","date_gmt":"2023-03-24T10:04:17","guid":{"rendered":"https:\/\/www.secumar.com\/?post_type=events&#038;p=50801"},"modified":"2023-03-24T11:11:57","modified_gmt":"2023-03-24T10:11:57","slug":"ars-secumaris-konzert-liebes-und-lieder-sonaten","status":"publish","type":"events","link":"https:\/\/www.secumar.com\/nl\/events\/ars-secumaris-konzert-liebes-und-lieder-sonaten\/","title":{"rendered":"ars secumaris Konzert &#8220;Liebes- und Lieder-Sonaten&#8221;"},"content":{"rendered":"<p class=\" eplus-wrapper\">Wir laden Sie am Freitag, den 31. M\u00e4rz um 19:30 Uhr herzlich zum ars secumaris Konzert im SECUMAR-Betriebsgeb\u00e4ude am Bredhornweg in Holm ein. Frau Harim Chun\/Violine (NDR Elbphilharmonie) und Herrn Stefan Matthewes\/Klavier werden Liebes- und Lieder-Sonaten von Brahms, Schumann und Schubert vortragen.<\/p><!--more--><h1 class=\"eplus-wrapper wp-block-heading\">Romantische Violinmusik<\/h1><p class=\" eplus-wrapper\">Stellen Sie sich vor, Sie h\u00f6ren in einem Konzert Musik, die so sch\u00f6n ist, dass Sie gar nicht mehr gehen wollen. Die <em>Violinsonate in A-Dur <\/em>von Johannes Brahms ist so ein Werk \u2013 und das nicht von ungef\u00e4hr! Er schrieb sie \u201ein Erwartung einer lieben Freundin\u201c w\u00e4hrend eines Sommeraufenthaltes am Thuner See. Es ist seine w\u00e4rmste, z\u00e4rtlichste Sonate. Wie ein heimliches Liebesgest\u00e4ndnis an die erwartete Freundin, die S\u00e4ngerin Hermine Spie\u00df, verwebt er das Lied <em>\u201eWie Melodien zieht es mir leise durch den Sinn\u201c <\/em>(Klaus Groth) in die Musik. Liedhaftigkeit, Schlichtheit und Nat\u00fcrlichkeit charakterisieren dieses Werk und erinnern damit am ehesten an die Kammermusik von Franz Schubert, dessen <em>Violinsonate in a-moll <\/em>ebenfalls erklingen wird. Verbunden werden beide Sonaten mit dem <em>Adagio und Allegro <\/em>op 70 von Robert Schumann, das einer zeitgen\u00f6ssischen Rezension zufolge von \u201eStellen innigsten, zartesten Ausdrucks, wie auch anderen der feurigsten Leidenschaftlichkeit\u201d bestimmt wird.<\/p><p class=\" eplus-wrapper\">Freuen Sie sich auf eine gute Stunde romantischer Musik!<\/p><div style=\"height:100px\" aria-hidden=\"true\" class=\"wp-block-spacer eplus-wrapper\"><\/div><h1 class=\"eplus-wrapper wp-block-heading\">Geigerin Harim Chun<\/h1><p class=\" eplus-wrapper\">Die Geigerin Harim Chun wurde in Seoul, Korea, geboren. Sie studierte bei Prof. Stephan Picard an der Hochschule f\u00fcr Musik \u201eHanns Eisler\u201c in Berlin und machte ihr Diplom und Konzertexamen mit Auszeichnung. Frau Chun ist Preistr\u00e4gerin mehrerer Wettbewerbe, unter anderem des \u201eInternationalen Violinwettbewerbs Ludwig Spohr\u201c in Freiburg und des \u201eGeorge Enescu International Competition&#8221;. Sie ist Violinistin beim NDR Elbphilharmonie Orchester und spielt in verschiedenen Ensembles.<\/p><p class=\" eplus-wrapper\"><a href=\"https:\/\/www.ndr.de\/orchester_chor\/elbphilharmonieorchester\/orchester\/Harim-Chun,harimchun101.html\" target=\"_blank\" rel=\"noreferrer noopener\">https:\/\/www.ndr.de\/orchester_chor\/elbphilharmonieorchester\/orchester\/Harim-Chun,harimchun101.html<\/a><\/p><div style=\"height:100px\" aria-hidden=\"true\" class=\"wp-block-spacer eplus-wrapper\"><\/div><h1 class=\"eplus-wrapper wp-block-heading\">Der Pianist Stefan Matthewes<\/h1><p class=\" eplus-wrapper\">Der Hamburger Pianist Stefan Matthewes studierte an der Hochschule f\u00fcr Musik und Theater in Hamburg. Dort beendete der Masefieldstipendiat sein Klavierstudium bei Prof. Elgin Roth mit dem Konzertexamen. Mittlerweile leitet er eine Klavierklasse an der Akademie des Hamburger Konservatoriums. Neben seiner solistischen T\u00e4tigkeit profilierte er sich als Kammermusiker, zuletzt auf dem \u00c9rard-Festival in der Hamburger Musikhalle.<\/p><p class=\" eplus-wrapper\"><a href=\"https:\/\/www.stefan-matthewes.de\" target=\"_blank\" rel=\"noreferrer noopener\">https:\/\/www.stefan-matthewes.de<\/a><\/p><div style=\"height:100px\" aria-hidden=\"true\" class=\"wp-block-spacer eplus-wrapper\"><\/div><h1 class=\"eplus-wrapper wp-block-heading\">Eintritt ab 19 Uhr &#8211; Eintritt frei<\/h1><p class=\" eplus-wrapper\">Der Eintritt ist frei, doch Spenden sind erw\u00fcnscht. Empf\u00e4ngerin der Einnahmen soll das <a href=\"https:\/\/www.wedel.de\/kultur-bildung\/museen-ausstellungen\/stadtmuseum\/moeller-technicon\" target=\"_blank\" rel=\"noreferrer noopener\">Museum M\u00f6ller-Technicon Wedel<\/a> sein. Das Technicon zeigt eine umfangreiche industrie- und technikgeschichtliche Sammlung auf dem Gel\u00e4nde der Firma M\u00f6ller-Wedel, die als Sponsor die R\u00e4umlichkeiten nebst Einrichtung und Unterhalt zur Verf\u00fcgung stellt. Den Aufbau und die Betreuung des Technicon leisten die ehrenamtlichen Mitglieder desTechnicons.<\/p><div style=\"height:100px\" aria-hidden=\"true\" class=\"wp-block-spacer eplus-wrapper\"><\/div><h1 class=\"eplus-wrapper wp-block-heading\">Kulturreihe ars secumaris<\/h1><p class=\" eplus-wrapper\"><\/p><p class=\" eplus-wrapper\">Mit der Kulturreihe \u201e<a href=\"https:\/\/www.secumar.com\/events\/category\/ars-secumaris\/\">ars secumaris<\/a>\u201c schl\u00e4gt das Unternehmen Bernhardt Apparatebau, f\u00fchrender Hersteller von Rettungswesten unter dem Markennamen SECUMAR, eine Br\u00fccke zwischen Kunst und Wirtschaft. Regelm\u00e4\u00dfig stellt die Firma ihre R\u00e4umlichkeiten K\u00fcnstlern f\u00fcr Ausstellungen und Konzerte zur Verf\u00fcgung. Weitere Informationen sind per Mail an <a href=\"mailto:info@secumar.com\">info@secumar.com<\/a> zu bekommen oder unter der Telefonnummer <a href=\"tel:+4941031250\">(04103) 125-0<\/a> abzurufen.<\/p><div style=\"height:100px\" aria-hidden=\"true\" class=\"wp-block-spacer eplus-wrapper\"><\/div>","protected":false},"featured_media":50808,"template":"","meta":{"_acf_changed":false,"_searchwp_excluded":"","editor_plus_copied_stylings":"{}","footnotes":"","_links_to":"","_links_to_target":""},"class_list":["post-50801","events","type-events","status-publish","has-post-thumbnail","hentry"],"acf":[],"yoast_head":"<!-- This site is optimized with the Yoast SEO plugin v24.6 - https:\/\/yoast.com\/wordpress\/plugins\/seo\/ -->\n<title>ars secumaris Konzert &quot;Liebes- und Lieder-Sonaten&quot; - SECUMAR<\/title>\n<meta name=\"description\" content=\"ars secumaris Konzert &quot;Liebes- und Lieder-Sonaten&quot; mit Frau Harim Chun\/Violine und Herrn Stefan Matthewes\/Klavier am 31.03.2023 um 19:30 Uhr.\" \/>\n<meta name=\"robots\" content=\"index, follow, max-snippet:-1, max-image-preview:large, max-video-preview:-1\" \/>\n<link rel=\"canonical\" href=\"https:\/\/www.secumar.com\/events\/ars-secumaris-konzert-liebes-und-lieder-sonaten\/\" \/>\n<meta property=\"og:locale\" content=\"nl_NL\" \/>\n<meta property=\"og:type\" content=\"article\" \/>\n<meta property=\"og:title\" content=\"ars secumaris Konzert &quot;Liebes- und Lieder-Sonaten&quot; - SECUMAR\" \/>\n<meta property=\"og:description\" content=\"ars secumaris Konzert &quot;Liebes- und Lieder-Sonaten&quot; mit Frau Harim Chun\/Violine und Herrn Stefan Matthewes\/Klavier am 31.03.2023 um 19:30 Uhr.\" \/>\n<meta property=\"og:url\" content=\"https:\/\/www.secumar.com\/events\/ars-secumaris-konzert-liebes-und-lieder-sonaten\/\" \/>\n<meta property=\"og:site_name\" content=\"SECUMAR\" \/>\n<meta property=\"article:publisher\" content=\"https:\/\/www.facebook.com\/Secumar\/\" \/>\n<meta property=\"article:modified_time\" content=\"2023-03-24T10:11:57+00:00\" \/>\n<meta property=\"og:image\" content=\"https:\/\/www.secumar.com\/wp-content\/uploads\/2023\/03\/Harim-Stefan-ars-secumarisx500.jpg\" \/>\n\t<meta property=\"og:image:width\" content=\"500\" \/>\n\t<meta property=\"og:image:height\" content=\"500\" \/>\n\t<meta property=\"og:image:type\" content=\"image\/jpeg\" \/>\n<meta name=\"twitter:card\" content=\"summary_large_image\" \/>\n<meta name=\"twitter:label1\" content=\"Geschatte leestijd\" \/>\n\t<meta name=\"twitter:data1\" content=\"3 minuten\" \/>\n<script type=\"application\/ld+json\" class=\"yoast-schema-graph\">{\"@context\":\"https:\/\/schema.org\",\"@graph\":[{\"@type\":\"WebPage\",\"@id\":\"https:\/\/www.secumar.com\/events\/ars-secumaris-konzert-liebes-und-lieder-sonaten\/\",\"url\":\"https:\/\/www.secumar.com\/events\/ars-secumaris-konzert-liebes-und-lieder-sonaten\/\",\"name\":\"ars secumaris Konzert \\\"Liebes- und Lieder-Sonaten\\\" - SECUMAR\",\"isPartOf\":{\"@id\":\"https:\/\/www.secumar.com\/#website\"},\"primaryImageOfPage\":{\"@id\":\"https:\/\/www.secumar.com\/events\/ars-secumaris-konzert-liebes-und-lieder-sonaten\/#primaryimage\"},\"image\":{\"@id\":\"https:\/\/www.secumar.com\/events\/ars-secumaris-konzert-liebes-und-lieder-sonaten\/#primaryimage\"},\"thumbnailUrl\":\"https:\/\/www.secumar.com\/wp-content\/uploads\/2023\/03\/Harim-Stefan-ars-secumarisx500.jpg\",\"datePublished\":\"2023-03-24T10:04:17+00:00\",\"dateModified\":\"2023-03-24T10:11:57+00:00\",\"description\":\"ars secumaris Konzert \\\"Liebes- und Lieder-Sonaten\\\" mit Frau Harim Chun\/Violine und Herrn Stefan Matthewes\/Klavier am 31.03.2023 um 19:30 Uhr.\",\"breadcrumb\":{\"@id\":\"https:\/\/www.secumar.com\/events\/ars-secumaris-konzert-liebes-und-lieder-sonaten\/#breadcrumb\"},\"inLanguage\":\"nl-NL\",\"potentialAction\":[{\"@type\":\"ReadAction\",\"target\":[\"https:\/\/www.secumar.com\/events\/ars-secumaris-konzert-liebes-und-lieder-sonaten\/\"]}]},{\"@type\":\"ImageObject\",\"inLanguage\":\"nl-NL\",\"@id\":\"https:\/\/www.secumar.com\/events\/ars-secumaris-konzert-liebes-und-lieder-sonaten\/#primaryimage\",\"url\":\"https:\/\/www.secumar.com\/wp-content\/uploads\/2023\/03\/Harim-Stefan-ars-secumarisx500.jpg\",\"contentUrl\":\"https:\/\/www.secumar.com\/wp-content\/uploads\/2023\/03\/Harim-Stefan-ars-secumarisx500.jpg\",\"width\":500,\"height\":500,\"caption\":\"Frau Harim Chun\/Violine (NDR Elbphilharmonie) und Herrn Stefan Matthewes\/Klavier\"},{\"@type\":\"BreadcrumbList\",\"@id\":\"https:\/\/www.secumar.com\/events\/ars-secumaris-konzert-liebes-und-lieder-sonaten\/#breadcrumb\",\"itemListElement\":[{\"@type\":\"ListItem\",\"position\":1,\"name\":\"Startseite\",\"item\":\"https:\/\/www.secumar.com\/nl\/\"},{\"@type\":\"ListItem\",\"position\":2,\"name\":\"Veranstaltungen\",\"item\":\"https:\/\/www.secumar.com\/events\/\"},{\"@type\":\"ListItem\",\"position\":3,\"name\":\"ars secumaris Konzert &#8220;Liebes- und Lieder-Sonaten&#8221;\"}]},{\"@type\":\"WebSite\",\"@id\":\"https:\/\/www.secumar.com\/#website\",\"url\":\"https:\/\/www.secumar.com\/\",\"name\":\"SECUMAR\",\"description\":\"Reddingvesten | Lifejackets\",\"publisher\":{\"@id\":\"https:\/\/www.secumar.com\/#organization\"},\"potentialAction\":[{\"@type\":\"SearchAction\",\"target\":{\"@type\":\"EntryPoint\",\"urlTemplate\":\"https:\/\/www.secumar.com\/?s={search_term_string}\"},\"query-input\":{\"@type\":\"PropertyValueSpecification\",\"valueRequired\":true,\"valueName\":\"search_term_string\"}}],\"inLanguage\":\"nl-NL\"},{\"@type\":\"Organization\",\"@id\":\"https:\/\/www.secumar.com\/#organization\",\"name\":\"Bernhardt Apparatebau GmbH u. Co.\",\"url\":\"https:\/\/www.secumar.com\/\",\"logo\":{\"@type\":\"ImageObject\",\"inLanguage\":\"nl-NL\",\"@id\":\"https:\/\/www.secumar.com\/#\/schema\/logo\/image\/\",\"url\":\"https:\/\/www.secumar.com\/wp-content\/uploads\/2016\/09\/S-Logo_150px-3.jpg\",\"contentUrl\":\"https:\/\/www.secumar.com\/wp-content\/uploads\/2016\/09\/S-Logo_150px-3.jpg\",\"width\":150,\"height\":150,\"caption\":\"Bernhardt Apparatebau GmbH u. Co.\"},\"image\":{\"@id\":\"https:\/\/www.secumar.com\/#\/schema\/logo\/image\/\"},\"sameAs\":[\"https:\/\/www.facebook.com\/Secumar\/\",\"https:\/\/www.instagram.com\/secumar\/\",\"https:\/\/www.linkedin.com\/company-beta\/8684519\/\",\"https:\/\/www.youtube.com\/user\/BernhardtApparatebau\",\"https:\/\/de.wikipedia.org\/wiki\/Secumar\"]}]}<\/script>\n<!-- \/ Yoast SEO plugin. -->","yoast_head_json":{"title":"ars secumaris Konzert \"Liebes- und Lieder-Sonaten\" - SECUMAR","description":"ars secumaris Konzert \"Liebes- und Lieder-Sonaten\" mit Frau Harim Chun\/Violine und Herrn Stefan Matthewes\/Klavier am 31.03.2023 um 19:30 Uhr.","robots":{"index":"index","follow":"follow","max-snippet":"max-snippet:-1","max-image-preview":"max-image-preview:large","max-video-preview":"max-video-preview:-1"},"canonical":"https:\/\/www.secumar.com\/events\/ars-secumaris-konzert-liebes-und-lieder-sonaten\/","og_locale":"nl_NL","og_type":"article","og_title":"ars secumaris Konzert \"Liebes- und Lieder-Sonaten\" - SECUMAR","og_description":"ars secumaris Konzert \"Liebes- und Lieder-Sonaten\" mit Frau Harim Chun\/Violine und Herrn Stefan Matthewes\/Klavier am 31.03.2023 um 19:30 Uhr.","og_url":"https:\/\/www.secumar.com\/events\/ars-secumaris-konzert-liebes-und-lieder-sonaten\/","og_site_name":"SECUMAR","article_publisher":"https:\/\/www.facebook.com\/Secumar\/","article_modified_time":"2023-03-24T10:11:57+00:00","og_image":[{"width":500,"height":500,"url":"https:\/\/www.secumar.com\/wp-content\/uploads\/2023\/03\/Harim-Stefan-ars-secumarisx500.jpg","type":"image\/jpeg"}],"twitter_card":"summary_large_image","twitter_misc":{"Geschatte leestijd":"3 minuten"},"schema":{"@context":"https:\/\/schema.org","@graph":[{"@type":"WebPage","@id":"https:\/\/www.secumar.com\/events\/ars-secumaris-konzert-liebes-und-lieder-sonaten\/","url":"https:\/\/www.secumar.com\/events\/ars-secumaris-konzert-liebes-und-lieder-sonaten\/","name":"ars secumaris Konzert \"Liebes- und Lieder-Sonaten\" - SECUMAR","isPartOf":{"@id":"https:\/\/www.secumar.com\/#website"},"primaryImageOfPage":{"@id":"https:\/\/www.secumar.com\/events\/ars-secumaris-konzert-liebes-und-lieder-sonaten\/#primaryimage"},"image":{"@id":"https:\/\/www.secumar.com\/events\/ars-secumaris-konzert-liebes-und-lieder-sonaten\/#primaryimage"},"thumbnailUrl":"https:\/\/www.secumar.com\/wp-content\/uploads\/2023\/03\/Harim-Stefan-ars-secumarisx500.jpg","datePublished":"2023-03-24T10:04:17+00:00","dateModified":"2023-03-24T10:11:57+00:00","description":"ars secumaris Konzert \"Liebes- und Lieder-Sonaten\" mit Frau Harim Chun\/Violine und Herrn Stefan Matthewes\/Klavier am 31.03.2023 um 19:30 Uhr.","breadcrumb":{"@id":"https:\/\/www.secumar.com\/events\/ars-secumaris-konzert-liebes-und-lieder-sonaten\/#breadcrumb"},"inLanguage":"nl-NL","potentialAction":[{"@type":"ReadAction","target":["https:\/\/www.secumar.com\/events\/ars-secumaris-konzert-liebes-und-lieder-sonaten\/"]}]},{"@type":"ImageObject","inLanguage":"nl-NL","@id":"https:\/\/www.secumar.com\/events\/ars-secumaris-konzert-liebes-und-lieder-sonaten\/#primaryimage","url":"https:\/\/www.secumar.com\/wp-content\/uploads\/2023\/03\/Harim-Stefan-ars-secumarisx500.jpg","contentUrl":"https:\/\/www.secumar.com\/wp-content\/uploads\/2023\/03\/Harim-Stefan-ars-secumarisx500.jpg","width":500,"height":500,"caption":"Frau Harim Chun\/Violine (NDR Elbphilharmonie) und Herrn Stefan Matthewes\/Klavier"},{"@type":"BreadcrumbList","@id":"https:\/\/www.secumar.com\/events\/ars-secumaris-konzert-liebes-und-lieder-sonaten\/#breadcrumb","itemListElement":[{"@type":"ListItem","position":1,"name":"Startseite","item":"https:\/\/www.secumar.com\/nl\/"},{"@type":"ListItem","position":2,"name":"Veranstaltungen","item":"https:\/\/www.secumar.com\/events\/"},{"@type":"ListItem","position":3,"name":"ars secumaris Konzert &#8220;Liebes- und Lieder-Sonaten&#8221;"}]},{"@type":"WebSite","@id":"https:\/\/www.secumar.com\/#website","url":"https:\/\/www.secumar.com\/","name":"SECUMAR","description":"Reddingvesten | Lifejackets","publisher":{"@id":"https:\/\/www.secumar.com\/#organization"},"potentialAction":[{"@type":"SearchAction","target":{"@type":"EntryPoint","urlTemplate":"https:\/\/www.secumar.com\/?s={search_term_string}"},"query-input":{"@type":"PropertyValueSpecification","valueRequired":true,"valueName":"search_term_string"}}],"inLanguage":"nl-NL"},{"@type":"Organization","@id":"https:\/\/www.secumar.com\/#organization","name":"Bernhardt Apparatebau GmbH u. Co.","url":"https:\/\/www.secumar.com\/","logo":{"@type":"ImageObject","inLanguage":"nl-NL","@id":"https:\/\/www.secumar.com\/#\/schema\/logo\/image\/","url":"https:\/\/www.secumar.com\/wp-content\/uploads\/2016\/09\/S-Logo_150px-3.jpg","contentUrl":"https:\/\/www.secumar.com\/wp-content\/uploads\/2016\/09\/S-Logo_150px-3.jpg","width":150,"height":150,"caption":"Bernhardt Apparatebau GmbH u. Co."},"image":{"@id":"https:\/\/www.secumar.com\/#\/schema\/logo\/image\/"},"sameAs":["https:\/\/www.facebook.com\/Secumar\/","https:\/\/www.instagram.com\/secumar\/","https:\/\/www.linkedin.com\/company-beta\/8684519\/","https:\/\/www.youtube.com\/user\/BernhardtApparatebau","https:\/\/de.wikipedia.org\/wiki\/Secumar"]}]}},"_links":{"self":[{"href":"https:\/\/www.secumar.com\/nl\/wp-json\/wp\/v2\/events\/50801","targetHints":{"allow":["GET"]}}],"collection":[{"href":"https:\/\/www.secumar.com\/nl\/wp-json\/wp\/v2\/events"}],"about":[{"href":"https:\/\/www.secumar.com\/nl\/wp-json\/wp\/v2\/types\/events"}],"version-history":[{"count":8,"href":"https:\/\/www.secumar.com\/nl\/wp-json\/wp\/v2\/events\/50801\/revisions"}],"predecessor-version":[{"id":50819,"href":"https:\/\/www.secumar.com\/nl\/wp-json\/wp\/v2\/events\/50801\/revisions\/50819"}],"wp:featuredmedia":[{"embeddable":true,"href":"https:\/\/www.secumar.com\/nl\/wp-json\/wp\/v2\/media\/50808"}],"wp:attachment":[{"href":"https:\/\/www.secumar.com\/nl\/wp-json\/wp\/v2\/media?parent=50801"}],"curies":[{"name":"wp","href":"https:\/\/api.w.org\/{rel}","templated":true}]}}