{"id":60075,"date":"2026-03-04T08:58:05","date_gmt":"2026-03-04T07:58:05","guid":{"rendered":"https:\/\/www.secumar.com\/?post_type=events&#038;p=60075"},"modified":"2026-03-04T10:52:13","modified_gmt":"2026-03-04T09:52:13","slug":"zu-wasser-und-zu-land-mit-peter-schoettler","status":"publish","type":"events","link":"https:\/\/www.secumar.com\/en\/events\/zu-wasser-und-zu-land-mit-peter-schoettler\/","title":{"rendered":"Zu Wasser und zu Land\u201c mit Peter Schoettler"},"content":{"rendered":"<p class=\" eplus-wrapper\"><strong><br>ars secumaris zeigt facettenreiche Motive von Peter Schoettler ab 06. M\u00e4rz 2026 <\/strong><\/p><p class=\" eplus-wrapper\">F\u00fcr viele Menschen aus Wedel und Umgebung wird die n\u00e4chste Veranstaltung im Rahmen der Reihe \u201ears secumaris\u201c viel mehr sein als nur eine Ausstellung \u2013 sie wird eine Zeitreise! Der Grund ist der K\u00fcnstler selbst: Peter Schoettler.<\/p><!--more--><p class=\" eplus-wrapper\">In Wedel kennt ihn zumindest die reifere Generation noch aus vielen Zusammenh\u00e4ngen. Beispielsweise als ebenso kompetenten wie geduldigen Kunstlehrer am Johann-Rist-Gymnasium. Oder als engagierten Motor f\u00fcr die lokale Kulturszene, als er vor rund 50 Jahren das \u201eKulturforum\u201c gr\u00fcndete, jene wichtige Gemeinschaft, die auch heute segensreich aktiv ist. Oder als klug argumentierenden Ratsherrn in der Wedeler Stadtverwaltung.<br>Es wurde ein bisschen still um den mittlerweile 83-J\u00e4hrigen \u2013 jetzt kehrt er zur\u00fcck! \u201eZu Wasser und zu Land\u201c hei\u00dft die Bilderausstellung von Peter Schoettler, die am Freitag, 6. M\u00e4rz, in den R\u00e4umen der Firma Bernhardt Apparatebau am Bredhornweg in Holm er\u00f6ffnet wird.<br>Viele Techniken hatte Peter Schoettler in seiner langj\u00e4hrigen Schaffensperiode ausprobiert; Malerei, Zeichnung, Druckgrafik und mehr. Seit einigen Jahren besch\u00e4ftigt er sich vornehmlich mit der Pastelltechnik &#8211; eine wundervolle Ausdrucksform f\u00fcr seine Liebe zum Unterelberaum, zum Hafen und zur Marsch.<br>Besucherinnen und Besucher d\u00fcrfen sich auf eine vielf\u00e4ltige, spannende Pr\u00e4sentation freuen, denn die vorliegenden Arbeiten werden einen Bogen spannen um Peter Schoettlers k\u00fcnstlerisches Gestalten samt der vielen Facetten seiner langen bildnerischen T\u00e4tigkeit.<br><br>Wie gewohnt sind die Ausstellungsr\u00e4ume am Holmer Bredhornweg am Freitag, 06. M\u00e4rz 2026, ab 19 Uhr f\u00fcr die Vernissage ge\u00f6ffnet. Der Eintritt ist wie immer frei.<\/p><p class=\" eplus-wrapper\">Die Er\u00f6ffnungsrede von Bernt Grabow beginnt um 19:30 Uhr, musikalisch begleitet wird die Veranstaltung von Sch\u00fclern aus dem Musikzentrum &#8220;Schulauer Hof&#8221; Julia Petry.<\/p><p class=\" eplus-wrapper\">Die Ausstellung ist bis zum 31. August 2026 jeweils w\u00e4hrend der SECUMAR-B\u00fcrozeiten ge\u00f6ffnet: Montag bis Donnerstag von 08.00 bis 16.30 Uhr, Freitag bis 13.30 Uhr. Weitere Termine nach Vereinbarung.<\/p><h2 class=\" wp-block-heading eplus-wrapper\">Die Kulturreihe ars secumaris<\/h2><p class=\" eplus-wrapper\">Mit der Kulturreihe \u201e<a href=\"https:\/\/www.secumar.com\/events\/category\/ars-secumaris\/\">ars secumaris<\/a>\u201c schlagen wir, die Bernhardt Apparatebau GmbH u. Co., f\u00fchrender Hersteller von Rettungswesten unter dem Markennamen SECUMAR, eine Br\u00fccke zwischen Kunst und Wirtschaft. Regelm\u00e4\u00dfig stellen wir unsere R\u00e4umlichkeiten K\u00fcnstlern f\u00fcr Ausstellungen und Konzerte zur Verf\u00fcgung. Weitere Informationen erhalten Sie per E-Mail <a href=\"mailto:info@secumar.com\">info@secumar.com<\/a> oder unter der Telefonnummer <a href=\"tel:+4941031250\">+49 4103 125-0<\/a>.<\/p><p class=\" eplus-wrapper\"><\/p>","protected":false},"featured_media":60081,"template":"","meta":{"_acf_changed":false,"_searchwp_excluded":"","editor_plus_copied_stylings":"{}","footnotes":"","_links_to":"","_links_to_target":""},"class_list":["post-60075","events","type-events","status-publish","has-post-thumbnail","hentry","event_category-ars-secumaris"],"acf":[],"yoast_head":"<!-- This site is optimized with the Yoast SEO plugin v24.6 - https:\/\/yoast.com\/wordpress\/plugins\/seo\/ -->\n<title>Zu Wasser und zu Land\u201c mit Peter Schoettler - SECUMAR<\/title>\n<meta name=\"robots\" content=\"index, follow, max-snippet:-1, max-image-preview:large, max-video-preview:-1\" \/>\n<link rel=\"canonical\" href=\"https:\/\/www.secumar.com\/events\/zu-wasser-und-zu-land-mit-peter-schoettler\/\" \/>\n<meta property=\"og:locale\" content=\"en_US\" \/>\n<meta property=\"og:type\" content=\"article\" \/>\n<meta property=\"og:title\" content=\"Zu Wasser und zu Land\u201c mit Peter Schoettler - SECUMAR\" \/>\n<meta property=\"og:description\" content=\"ars secumaris zeigt facettenreiche Motive von Peter Schoettler ab 06. M\u00e4rz 2026 F\u00fcr viele Menschen aus Wedel und Umgebung wird die n\u00e4chste Veranstaltung im Rahmen der Reihe \u201ears secumaris\u201c viel mehr sein als nur eine Ausstellung \u2013 sie wird eine Zeitreise! Der Grund ist der K\u00fcnstler selbst: Peter Schoettler.\" \/>\n<meta property=\"og:url\" content=\"https:\/\/www.secumar.com\/events\/zu-wasser-und-zu-land-mit-peter-schoettler\/\" \/>\n<meta property=\"og:site_name\" content=\"SECUMAR\" \/>\n<meta property=\"article:publisher\" content=\"https:\/\/www.facebook.com\/Secumar\/\" \/>\n<meta property=\"article:modified_time\" content=\"2026-03-04T09:52:13+00:00\" \/>\n<meta property=\"og:image\" content=\"https:\/\/www.secumar.com\/wp-content\/uploads\/2026\/03\/Peter-Schoettler_960x960.jpg\" \/>\n\t<meta property=\"og:image:width\" content=\"960\" \/>\n\t<meta property=\"og:image:height\" content=\"960\" \/>\n\t<meta property=\"og:image:type\" content=\"image\/jpeg\" \/>\n<meta name=\"twitter:card\" content=\"summary_large_image\" \/>\n<meta name=\"twitter:label1\" content=\"Est. reading time\" \/>\n\t<meta name=\"twitter:data1\" content=\"3 minutes\" \/>\n<script type=\"application\/ld+json\" class=\"yoast-schema-graph\">{\"@context\":\"https:\/\/schema.org\",\"@graph\":[{\"@type\":\"WebPage\",\"@id\":\"https:\/\/www.secumar.com\/events\/zu-wasser-und-zu-land-mit-peter-schoettler\/\",\"url\":\"https:\/\/www.secumar.com\/events\/zu-wasser-und-zu-land-mit-peter-schoettler\/\",\"name\":\"Zu Wasser und zu Land\u201c mit Peter Schoettler - SECUMAR\",\"isPartOf\":{\"@id\":\"https:\/\/www.secumar.com\/#website\"},\"primaryImageOfPage\":{\"@id\":\"https:\/\/www.secumar.com\/events\/zu-wasser-und-zu-land-mit-peter-schoettler\/#primaryimage\"},\"image\":{\"@id\":\"https:\/\/www.secumar.com\/events\/zu-wasser-und-zu-land-mit-peter-schoettler\/#primaryimage\"},\"thumbnailUrl\":\"https:\/\/www.secumar.com\/wp-content\/uploads\/2026\/03\/Peter-Schoettler_960x960.jpg\",\"datePublished\":\"2026-03-04T07:58:05+00:00\",\"dateModified\":\"2026-03-04T09:52:13+00:00\",\"breadcrumb\":{\"@id\":\"https:\/\/www.secumar.com\/events\/zu-wasser-und-zu-land-mit-peter-schoettler\/#breadcrumb\"},\"inLanguage\":\"en-US\",\"potentialAction\":[{\"@type\":\"ReadAction\",\"target\":[\"https:\/\/www.secumar.com\/events\/zu-wasser-und-zu-land-mit-peter-schoettler\/\"]}]},{\"@type\":\"ImageObject\",\"inLanguage\":\"en-US\",\"@id\":\"https:\/\/www.secumar.com\/events\/zu-wasser-und-zu-land-mit-peter-schoettler\/#primaryimage\",\"url\":\"https:\/\/www.secumar.com\/wp-content\/uploads\/2026\/03\/Peter-Schoettler_960x960.jpg\",\"contentUrl\":\"https:\/\/www.secumar.com\/wp-content\/uploads\/2026\/03\/Peter-Schoettler_960x960.jpg\",\"width\":960,\"height\":960},{\"@type\":\"BreadcrumbList\",\"@id\":\"https:\/\/www.secumar.com\/events\/zu-wasser-und-zu-land-mit-peter-schoettler\/#breadcrumb\",\"itemListElement\":[{\"@type\":\"ListItem\",\"position\":1,\"name\":\"Startseite\",\"item\":\"https:\/\/www.secumar.com\/en\/\"},{\"@type\":\"ListItem\",\"position\":2,\"name\":\"Veranstaltungen\",\"item\":\"https:\/\/www.secumar.com\/events\/\"},{\"@type\":\"ListItem\",\"position\":3,\"name\":\"Zu Wasser und zu Land\u201c mit Peter Schoettler\"}]},{\"@type\":\"WebSite\",\"@id\":\"https:\/\/www.secumar.com\/#website\",\"url\":\"https:\/\/www.secumar.com\/\",\"name\":\"SECUMAR\",\"description\":\"Bernhardt Apparatebau GmbH u. Co.\",\"publisher\":{\"@id\":\"https:\/\/www.secumar.com\/#organization\"},\"potentialAction\":[{\"@type\":\"SearchAction\",\"target\":{\"@type\":\"EntryPoint\",\"urlTemplate\":\"https:\/\/www.secumar.com\/?s={search_term_string}\"},\"query-input\":{\"@type\":\"PropertyValueSpecification\",\"valueRequired\":true,\"valueName\":\"search_term_string\"}}],\"inLanguage\":\"en-US\"},{\"@type\":\"Organization\",\"@id\":\"https:\/\/www.secumar.com\/#organization\",\"name\":\"Bernhardt Apparatebau GmbH u. Co.\",\"url\":\"https:\/\/www.secumar.com\/\",\"logo\":{\"@type\":\"ImageObject\",\"inLanguage\":\"en-US\",\"@id\":\"https:\/\/www.secumar.com\/#\/schema\/logo\/image\/\",\"url\":\"https:\/\/www.secumar.com\/wp-content\/uploads\/2016\/09\/S-Logo_150px-3.jpg\",\"contentUrl\":\"https:\/\/www.secumar.com\/wp-content\/uploads\/2016\/09\/S-Logo_150px-3.jpg\",\"width\":150,\"height\":150,\"caption\":\"Bernhardt Apparatebau GmbH u. Co.\"},\"image\":{\"@id\":\"https:\/\/www.secumar.com\/#\/schema\/logo\/image\/\"},\"sameAs\":[\"https:\/\/www.facebook.com\/Secumar\/\",\"https:\/\/www.instagram.com\/secumar\/\",\"https:\/\/www.linkedin.com\/company-beta\/8684519\/\",\"https:\/\/www.youtube.com\/user\/BernhardtApparatebau\",\"https:\/\/de.wikipedia.org\/wiki\/Secumar\"]}]}<\/script>\n<!-- \/ Yoast SEO plugin. -->","yoast_head_json":{"title":"Zu Wasser und zu Land\u201c mit Peter Schoettler - SECUMAR","robots":{"index":"index","follow":"follow","max-snippet":"max-snippet:-1","max-image-preview":"max-image-preview:large","max-video-preview":"max-video-preview:-1"},"canonical":"https:\/\/www.secumar.com\/events\/zu-wasser-und-zu-land-mit-peter-schoettler\/","og_locale":"en_US","og_type":"article","og_title":"Zu Wasser und zu Land\u201c mit Peter Schoettler - SECUMAR","og_description":"ars secumaris zeigt facettenreiche Motive von Peter Schoettler ab 06. M\u00e4rz 2026 F\u00fcr viele Menschen aus Wedel und Umgebung wird die n\u00e4chste Veranstaltung im Rahmen der Reihe \u201ears secumaris\u201c viel mehr sein als nur eine Ausstellung \u2013 sie wird eine Zeitreise! Der Grund ist der K\u00fcnstler selbst: Peter Schoettler.","og_url":"https:\/\/www.secumar.com\/events\/zu-wasser-und-zu-land-mit-peter-schoettler\/","og_site_name":"SECUMAR","article_publisher":"https:\/\/www.facebook.com\/Secumar\/","article_modified_time":"2026-03-04T09:52:13+00:00","og_image":[{"width":960,"height":960,"url":"https:\/\/www.secumar.com\/wp-content\/uploads\/2026\/03\/Peter-Schoettler_960x960.jpg","type":"image\/jpeg"}],"twitter_card":"summary_large_image","twitter_misc":{"Est. reading time":"3 minutes"},"schema":{"@context":"https:\/\/schema.org","@graph":[{"@type":"WebPage","@id":"https:\/\/www.secumar.com\/events\/zu-wasser-und-zu-land-mit-peter-schoettler\/","url":"https:\/\/www.secumar.com\/events\/zu-wasser-und-zu-land-mit-peter-schoettler\/","name":"Zu Wasser und zu Land\u201c mit Peter Schoettler - SECUMAR","isPartOf":{"@id":"https:\/\/www.secumar.com\/#website"},"primaryImageOfPage":{"@id":"https:\/\/www.secumar.com\/events\/zu-wasser-und-zu-land-mit-peter-schoettler\/#primaryimage"},"image":{"@id":"https:\/\/www.secumar.com\/events\/zu-wasser-und-zu-land-mit-peter-schoettler\/#primaryimage"},"thumbnailUrl":"https:\/\/www.secumar.com\/wp-content\/uploads\/2026\/03\/Peter-Schoettler_960x960.jpg","datePublished":"2026-03-04T07:58:05+00:00","dateModified":"2026-03-04T09:52:13+00:00","breadcrumb":{"@id":"https:\/\/www.secumar.com\/events\/zu-wasser-und-zu-land-mit-peter-schoettler\/#breadcrumb"},"inLanguage":"en-US","potentialAction":[{"@type":"ReadAction","target":["https:\/\/www.secumar.com\/events\/zu-wasser-und-zu-land-mit-peter-schoettler\/"]}]},{"@type":"ImageObject","inLanguage":"en-US","@id":"https:\/\/www.secumar.com\/events\/zu-wasser-und-zu-land-mit-peter-schoettler\/#primaryimage","url":"https:\/\/www.secumar.com\/wp-content\/uploads\/2026\/03\/Peter-Schoettler_960x960.jpg","contentUrl":"https:\/\/www.secumar.com\/wp-content\/uploads\/2026\/03\/Peter-Schoettler_960x960.jpg","width":960,"height":960},{"@type":"BreadcrumbList","@id":"https:\/\/www.secumar.com\/events\/zu-wasser-und-zu-land-mit-peter-schoettler\/#breadcrumb","itemListElement":[{"@type":"ListItem","position":1,"name":"Startseite","item":"https:\/\/www.secumar.com\/en\/"},{"@type":"ListItem","position":2,"name":"Veranstaltungen","item":"https:\/\/www.secumar.com\/events\/"},{"@type":"ListItem","position":3,"name":"Zu Wasser und zu Land\u201c mit Peter Schoettler"}]},{"@type":"WebSite","@id":"https:\/\/www.secumar.com\/#website","url":"https:\/\/www.secumar.com\/","name":"SECUMAR","description":"Bernhardt Apparatebau GmbH u. Co.","publisher":{"@id":"https:\/\/www.secumar.com\/#organization"},"potentialAction":[{"@type":"SearchAction","target":{"@type":"EntryPoint","urlTemplate":"https:\/\/www.secumar.com\/?s={search_term_string}"},"query-input":{"@type":"PropertyValueSpecification","valueRequired":true,"valueName":"search_term_string"}}],"inLanguage":"en-US"},{"@type":"Organization","@id":"https:\/\/www.secumar.com\/#organization","name":"Bernhardt Apparatebau GmbH u. Co.","url":"https:\/\/www.secumar.com\/","logo":{"@type":"ImageObject","inLanguage":"en-US","@id":"https:\/\/www.secumar.com\/#\/schema\/logo\/image\/","url":"https:\/\/www.secumar.com\/wp-content\/uploads\/2016\/09\/S-Logo_150px-3.jpg","contentUrl":"https:\/\/www.secumar.com\/wp-content\/uploads\/2016\/09\/S-Logo_150px-3.jpg","width":150,"height":150,"caption":"Bernhardt Apparatebau GmbH u. Co."},"image":{"@id":"https:\/\/www.secumar.com\/#\/schema\/logo\/image\/"},"sameAs":["https:\/\/www.facebook.com\/Secumar\/","https:\/\/www.instagram.com\/secumar\/","https:\/\/www.linkedin.com\/company-beta\/8684519\/","https:\/\/www.youtube.com\/user\/BernhardtApparatebau","https:\/\/de.wikipedia.org\/wiki\/Secumar"]}]}},"_links":{"self":[{"href":"https:\/\/www.secumar.com\/en\/wp-json\/wp\/v2\/events\/60075","targetHints":{"allow":["GET"]}}],"collection":[{"href":"https:\/\/www.secumar.com\/en\/wp-json\/wp\/v2\/events"}],"about":[{"href":"https:\/\/www.secumar.com\/en\/wp-json\/wp\/v2\/types\/events"}],"version-history":[{"count":4,"href":"https:\/\/www.secumar.com\/en\/wp-json\/wp\/v2\/events\/60075\/revisions"}],"predecessor-version":[{"id":60085,"href":"https:\/\/www.secumar.com\/en\/wp-json\/wp\/v2\/events\/60075\/revisions\/60085"}],"wp:featuredmedia":[{"embeddable":true,"href":"https:\/\/www.secumar.com\/en\/wp-json\/wp\/v2\/media\/60081"}],"wp:attachment":[{"href":"https:\/\/www.secumar.com\/en\/wp-json\/wp\/v2\/media?parent=60075"}],"curies":[{"name":"wp","href":"https:\/\/api.w.org\/{rel}","templated":true}]}}