{"id":58682,"date":"2025-10-22T10:51:39","date_gmt":"2025-10-22T08:51:39","guid":{"rendered":"https:\/\/www.secumar.com\/?post_type=events&#038;p=58682"},"modified":"2025-10-22T10:54:10","modified_gmt":"2025-10-22T08:54:10","slug":"pianist-stefan-matthewes-praesentiert-veraenderungen","status":"publish","type":"events","link":"https:\/\/www.secumar.com\/en\/events\/pianist-stefan-matthewes-praesentiert-veraenderungen\/","title":{"rendered":"Pianist Stefan Matthewes pr\u00e4sentiert \u201eVer\u00e4nderungen\u201c"},"content":{"rendered":"<p class=\" eplus-wrapper\"><strong>Klavierkonzert bei ars secumaris am Freitag, 7. November<\/strong><\/p><p class=\" eplus-wrapper\">\u201eVer\u00e4nderungen sind spannend und inspirierend, wecken unsere Neugier und erweitern unseren Horizont. Doch sie k\u00f6nnen auch Unsicherheit und Angst hervorrufen.\u201c Das sagt der Hamburger Pianist Stefan Matthewes und wird dieses an einem Klavierabend mit Variationswerken im Rahmen der Veranstaltungsreihe \u201ears secumaris\u201c unter Beweis stellen.<\/p><!--more--><p class=\" eplus-wrapper\">Schlicht \u201eVer\u00e4nderungen\u201c hei\u00dft also das Programm, das er am Freitag, 7. November, ab 19 Uhr\u00a0den G\u00e4sten in den Betriebsr\u00e4umen des Unternehmens Bernhardt Apparatebau am Holmer Bredhornweg zu Geh\u00f6r bringen wird.<\/p><p class=\" eplus-wrapper\">Dabei widmet sich der Hamburger Pianist, dem die Neue Westf\u00e4lische Zeitung \u201eausgepr\u00e4gten Gestaltungswillen und gro\u00dfe Ausdruckskraft\u201c zuschrieb und ihn als \u201ePianist mit Pers\u00f6nlichkeit\u201c kennzeichnete, St\u00fccken von Joseph Haydn, Robert Schumann, Clara Schumann, Johannes Brahms und Edvard Grieg.<\/p><p class=\" eplus-wrapper\">\u201eDas Konzertprogramm \u201eVer\u00e4nderungen\u201c l\u00e4dt Sie ein, musikalische Dialoge mitzuerleben: Dialoge zwischen verschiedenen Komponistenpers\u00f6nlichkeiten, aber auch Dialoge zwischen musikalischen Ideen. Tauchen Sie ein in eine Welt der Kl\u00e4nge und Emotionen und lassen Sie sich von den vielf\u00e4ltigen Facetten der Ver\u00e4nderungen verzaubern\u201c, beschreibt es der K\u00fcnstler.<br><\/p><h2 class=\" wp-block-heading eplus-wrapper\">Eintritt ab 19 Uhr \u2013 Eintritt frei<\/h2><p class=\" eplus-wrapper\">Der Einlass ist ab 19 Uhr, das Konzert beginnt um 19:30 Uhr. Der Eintritt ist wie immer frei, Spenden sind jedoch gern gesehen. Die Spenden kommen dieses Mal dem gemeinn\u00fctzigen Verein und anerkannte Tr\u00e4ger der Kinder- und Jugendhilfe Unlimited Kids e.V. zu Gute, der sich ehrenamtlich f\u00fcr Kinder, Jugendliche und Familien mit AD(H)S und Autismus einsetzt.<\/p><div style=\"height:20px\" aria-hidden=\"true\" class=\" wp-block-spacer eplus-wrapper\"><\/div><h2 class=\" wp-block-heading eplus-wrapper\">Kulturreihe ars secumaris<\/h2><p class=\" eplus-wrapper\">Kunst und Rettung \u2013 SECUMAR f\u00f6rdert K\u00fcnstler<\/p><p class=\" eplus-wrapper\"><a href=\"https:\/\/www.secumar.com\/events\/category\/ars-secumaris\/\">ars secumaris<\/a>&nbsp;steht f\u00fcr eine inzwischen etablierte SECUMAR Institution, die Kunst und funktionale Rettungstechnik in ein Spannungsfeld zu bringen versucht, in dem innovative Ingenieurstechnik durch k\u00fcnstlerische Kreativit\u00e4t Inspiration erf\u00e4hrt. <\/p><p class=\" eplus-wrapper\">Mit der Kulturreihe ars secumaris schlagen wir eine Br\u00fccke zwischen Kunst und Wirtschaft. Regelm\u00e4\u00dfig stellen wir unsere R\u00e4umlichkeiten K\u00fcnstlern f\u00fcr Ausstellungen und Konzerte zur Verf\u00fcgung.<\/p><div style=\"height:20px\" aria-hidden=\"true\" class=\" wp-block-spacer eplus-wrapper\"><\/div><p class=\" eplus-wrapper\"><\/p>","protected":false},"featured_media":58708,"template":"","meta":{"_acf_changed":false,"_searchwp_excluded":"","editor_plus_copied_stylings":"{}","footnotes":"","_links_to":"","_links_to_target":""},"class_list":["post-58682","events","type-events","status-publish","has-post-thumbnail","hentry","event_category-ars-secumaris"],"acf":[],"yoast_head":"<!-- This site is optimized with the Yoast SEO plugin v24.6 - https:\/\/yoast.com\/wordpress\/plugins\/seo\/ -->\n<title>Pianist Stefan Matthewes pr\u00e4sentiert \u201eVer\u00e4nderungen\u201c - SECUMAR<\/title>\n<meta name=\"robots\" content=\"index, follow, max-snippet:-1, max-image-preview:large, max-video-preview:-1\" \/>\n<link rel=\"canonical\" href=\"https:\/\/www.secumar.com\/events\/pianist-stefan-matthewes-praesentiert-veraenderungen\/\" \/>\n<meta property=\"og:locale\" content=\"en_US\" \/>\n<meta property=\"og:type\" content=\"article\" \/>\n<meta property=\"og:title\" content=\"Pianist Stefan Matthewes pr\u00e4sentiert \u201eVer\u00e4nderungen\u201c - SECUMAR\" \/>\n<meta property=\"og:description\" content=\"Klavierkonzert bei ars secumaris am Freitag, 7. November \u201eVer\u00e4nderungen sind spannend und inspirierend, wecken unsere Neugier und erweitern unseren Horizont. Doch sie k\u00f6nnen auch Unsicherheit und Angst hervorrufen.\u201c Das sagt der Hamburger Pianist Stefan Matthewes und wird dieses an einem Klavierabend mit Variationswerken im Rahmen der Veranstaltungsreihe \u201ears secumaris\u201c unter Beweis stellen.\" \/>\n<meta property=\"og:url\" content=\"https:\/\/www.secumar.com\/events\/pianist-stefan-matthewes-praesentiert-veraenderungen\/\" \/>\n<meta property=\"og:site_name\" content=\"SECUMAR\" \/>\n<meta property=\"article:publisher\" content=\"https:\/\/www.facebook.com\/Secumar\/\" \/>\n<meta property=\"article:modified_time\" content=\"2025-10-22T08:54:10+00:00\" \/>\n<meta property=\"og:image\" content=\"https:\/\/www.secumar.com\/wp-content\/uploads\/2025\/10\/Website-Bild.jpg\" \/>\n\t<meta property=\"og:image:width\" content=\"2160\" \/>\n\t<meta property=\"og:image:height\" content=\"2160\" \/>\n\t<meta property=\"og:image:type\" content=\"image\/jpeg\" \/>\n<meta name=\"twitter:card\" content=\"summary_large_image\" \/>\n<meta name=\"twitter:label1\" content=\"Est. reading time\" \/>\n\t<meta name=\"twitter:data1\" content=\"2 minutes\" \/>\n<script type=\"application\/ld+json\" class=\"yoast-schema-graph\">{\"@context\":\"https:\/\/schema.org\",\"@graph\":[{\"@type\":\"WebPage\",\"@id\":\"https:\/\/www.secumar.com\/events\/pianist-stefan-matthewes-praesentiert-veraenderungen\/\",\"url\":\"https:\/\/www.secumar.com\/events\/pianist-stefan-matthewes-praesentiert-veraenderungen\/\",\"name\":\"Pianist Stefan Matthewes pr\u00e4sentiert \u201eVer\u00e4nderungen\u201c - SECUMAR\",\"isPartOf\":{\"@id\":\"https:\/\/www.secumar.com\/#website\"},\"primaryImageOfPage\":{\"@id\":\"https:\/\/www.secumar.com\/events\/pianist-stefan-matthewes-praesentiert-veraenderungen\/#primaryimage\"},\"image\":{\"@id\":\"https:\/\/www.secumar.com\/events\/pianist-stefan-matthewes-praesentiert-veraenderungen\/#primaryimage\"},\"thumbnailUrl\":\"https:\/\/www.secumar.com\/wp-content\/uploads\/2025\/10\/Website-Bild.jpg\",\"datePublished\":\"2025-10-22T08:51:39+00:00\",\"dateModified\":\"2025-10-22T08:54:10+00:00\",\"breadcrumb\":{\"@id\":\"https:\/\/www.secumar.com\/events\/pianist-stefan-matthewes-praesentiert-veraenderungen\/#breadcrumb\"},\"inLanguage\":\"en-US\",\"potentialAction\":[{\"@type\":\"ReadAction\",\"target\":[\"https:\/\/www.secumar.com\/events\/pianist-stefan-matthewes-praesentiert-veraenderungen\/\"]}]},{\"@type\":\"ImageObject\",\"inLanguage\":\"en-US\",\"@id\":\"https:\/\/www.secumar.com\/events\/pianist-stefan-matthewes-praesentiert-veraenderungen\/#primaryimage\",\"url\":\"https:\/\/www.secumar.com\/wp-content\/uploads\/2025\/10\/Website-Bild.jpg\",\"contentUrl\":\"https:\/\/www.secumar.com\/wp-content\/uploads\/2025\/10\/Website-Bild.jpg\",\"width\":2160,\"height\":2160},{\"@type\":\"BreadcrumbList\",\"@id\":\"https:\/\/www.secumar.com\/events\/pianist-stefan-matthewes-praesentiert-veraenderungen\/#breadcrumb\",\"itemListElement\":[{\"@type\":\"ListItem\",\"position\":1,\"name\":\"Startseite\",\"item\":\"https:\/\/www.secumar.com\/en\/\"},{\"@type\":\"ListItem\",\"position\":2,\"name\":\"Veranstaltungen\",\"item\":\"https:\/\/www.secumar.com\/events\/\"},{\"@type\":\"ListItem\",\"position\":3,\"name\":\"Pianist Stefan Matthewes pr\u00e4sentiert \u201eVer\u00e4nderungen\u201c\"}]},{\"@type\":\"WebSite\",\"@id\":\"https:\/\/www.secumar.com\/#website\",\"url\":\"https:\/\/www.secumar.com\/\",\"name\":\"SECUMAR\",\"description\":\"Bernhardt Apparatebau GmbH u. Co.\",\"publisher\":{\"@id\":\"https:\/\/www.secumar.com\/#organization\"},\"potentialAction\":[{\"@type\":\"SearchAction\",\"target\":{\"@type\":\"EntryPoint\",\"urlTemplate\":\"https:\/\/www.secumar.com\/?s={search_term_string}\"},\"query-input\":{\"@type\":\"PropertyValueSpecification\",\"valueRequired\":true,\"valueName\":\"search_term_string\"}}],\"inLanguage\":\"en-US\"},{\"@type\":\"Organization\",\"@id\":\"https:\/\/www.secumar.com\/#organization\",\"name\":\"Bernhardt Apparatebau GmbH u. Co.\",\"url\":\"https:\/\/www.secumar.com\/\",\"logo\":{\"@type\":\"ImageObject\",\"inLanguage\":\"en-US\",\"@id\":\"https:\/\/www.secumar.com\/#\/schema\/logo\/image\/\",\"url\":\"https:\/\/www.secumar.com\/wp-content\/uploads\/2016\/09\/S-Logo_150px-3.jpg\",\"contentUrl\":\"https:\/\/www.secumar.com\/wp-content\/uploads\/2016\/09\/S-Logo_150px-3.jpg\",\"width\":150,\"height\":150,\"caption\":\"Bernhardt Apparatebau GmbH u. Co.\"},\"image\":{\"@id\":\"https:\/\/www.secumar.com\/#\/schema\/logo\/image\/\"},\"sameAs\":[\"https:\/\/www.facebook.com\/Secumar\/\",\"https:\/\/www.instagram.com\/secumar\/\",\"https:\/\/www.linkedin.com\/company-beta\/8684519\/\",\"https:\/\/www.youtube.com\/user\/BernhardtApparatebau\",\"https:\/\/de.wikipedia.org\/wiki\/Secumar\"]}]}<\/script>\n<!-- \/ Yoast SEO plugin. -->","yoast_head_json":{"title":"Pianist Stefan Matthewes pr\u00e4sentiert \u201eVer\u00e4nderungen\u201c - SECUMAR","robots":{"index":"index","follow":"follow","max-snippet":"max-snippet:-1","max-image-preview":"max-image-preview:large","max-video-preview":"max-video-preview:-1"},"canonical":"https:\/\/www.secumar.com\/events\/pianist-stefan-matthewes-praesentiert-veraenderungen\/","og_locale":"en_US","og_type":"article","og_title":"Pianist Stefan Matthewes pr\u00e4sentiert \u201eVer\u00e4nderungen\u201c - SECUMAR","og_description":"Klavierkonzert bei ars secumaris am Freitag, 7. November \u201eVer\u00e4nderungen sind spannend und inspirierend, wecken unsere Neugier und erweitern unseren Horizont. Doch sie k\u00f6nnen auch Unsicherheit und Angst hervorrufen.\u201c Das sagt der Hamburger Pianist Stefan Matthewes und wird dieses an einem Klavierabend mit Variationswerken im Rahmen der Veranstaltungsreihe \u201ears secumaris\u201c unter Beweis stellen.","og_url":"https:\/\/www.secumar.com\/events\/pianist-stefan-matthewes-praesentiert-veraenderungen\/","og_site_name":"SECUMAR","article_publisher":"https:\/\/www.facebook.com\/Secumar\/","article_modified_time":"2025-10-22T08:54:10+00:00","og_image":[{"width":2160,"height":2160,"url":"https:\/\/www.secumar.com\/wp-content\/uploads\/2025\/10\/Website-Bild.jpg","type":"image\/jpeg"}],"twitter_card":"summary_large_image","twitter_misc":{"Est. reading time":"2 minutes"},"schema":{"@context":"https:\/\/schema.org","@graph":[{"@type":"WebPage","@id":"https:\/\/www.secumar.com\/events\/pianist-stefan-matthewes-praesentiert-veraenderungen\/","url":"https:\/\/www.secumar.com\/events\/pianist-stefan-matthewes-praesentiert-veraenderungen\/","name":"Pianist Stefan Matthewes pr\u00e4sentiert \u201eVer\u00e4nderungen\u201c - SECUMAR","isPartOf":{"@id":"https:\/\/www.secumar.com\/#website"},"primaryImageOfPage":{"@id":"https:\/\/www.secumar.com\/events\/pianist-stefan-matthewes-praesentiert-veraenderungen\/#primaryimage"},"image":{"@id":"https:\/\/www.secumar.com\/events\/pianist-stefan-matthewes-praesentiert-veraenderungen\/#primaryimage"},"thumbnailUrl":"https:\/\/www.secumar.com\/wp-content\/uploads\/2025\/10\/Website-Bild.jpg","datePublished":"2025-10-22T08:51:39+00:00","dateModified":"2025-10-22T08:54:10+00:00","breadcrumb":{"@id":"https:\/\/www.secumar.com\/events\/pianist-stefan-matthewes-praesentiert-veraenderungen\/#breadcrumb"},"inLanguage":"en-US","potentialAction":[{"@type":"ReadAction","target":["https:\/\/www.secumar.com\/events\/pianist-stefan-matthewes-praesentiert-veraenderungen\/"]}]},{"@type":"ImageObject","inLanguage":"en-US","@id":"https:\/\/www.secumar.com\/events\/pianist-stefan-matthewes-praesentiert-veraenderungen\/#primaryimage","url":"https:\/\/www.secumar.com\/wp-content\/uploads\/2025\/10\/Website-Bild.jpg","contentUrl":"https:\/\/www.secumar.com\/wp-content\/uploads\/2025\/10\/Website-Bild.jpg","width":2160,"height":2160},{"@type":"BreadcrumbList","@id":"https:\/\/www.secumar.com\/events\/pianist-stefan-matthewes-praesentiert-veraenderungen\/#breadcrumb","itemListElement":[{"@type":"ListItem","position":1,"name":"Startseite","item":"https:\/\/www.secumar.com\/en\/"},{"@type":"ListItem","position":2,"name":"Veranstaltungen","item":"https:\/\/www.secumar.com\/events\/"},{"@type":"ListItem","position":3,"name":"Pianist Stefan Matthewes pr\u00e4sentiert \u201eVer\u00e4nderungen\u201c"}]},{"@type":"WebSite","@id":"https:\/\/www.secumar.com\/#website","url":"https:\/\/www.secumar.com\/","name":"SECUMAR","description":"Bernhardt Apparatebau GmbH u. Co.","publisher":{"@id":"https:\/\/www.secumar.com\/#organization"},"potentialAction":[{"@type":"SearchAction","target":{"@type":"EntryPoint","urlTemplate":"https:\/\/www.secumar.com\/?s={search_term_string}"},"query-input":{"@type":"PropertyValueSpecification","valueRequired":true,"valueName":"search_term_string"}}],"inLanguage":"en-US"},{"@type":"Organization","@id":"https:\/\/www.secumar.com\/#organization","name":"Bernhardt Apparatebau GmbH u. Co.","url":"https:\/\/www.secumar.com\/","logo":{"@type":"ImageObject","inLanguage":"en-US","@id":"https:\/\/www.secumar.com\/#\/schema\/logo\/image\/","url":"https:\/\/www.secumar.com\/wp-content\/uploads\/2016\/09\/S-Logo_150px-3.jpg","contentUrl":"https:\/\/www.secumar.com\/wp-content\/uploads\/2016\/09\/S-Logo_150px-3.jpg","width":150,"height":150,"caption":"Bernhardt Apparatebau GmbH u. Co."},"image":{"@id":"https:\/\/www.secumar.com\/#\/schema\/logo\/image\/"},"sameAs":["https:\/\/www.facebook.com\/Secumar\/","https:\/\/www.instagram.com\/secumar\/","https:\/\/www.linkedin.com\/company-beta\/8684519\/","https:\/\/www.youtube.com\/user\/BernhardtApparatebau","https:\/\/de.wikipedia.org\/wiki\/Secumar"]}]}},"_links":{"self":[{"href":"https:\/\/www.secumar.com\/en\/wp-json\/wp\/v2\/events\/58682","targetHints":{"allow":["GET"]}}],"collection":[{"href":"https:\/\/www.secumar.com\/en\/wp-json\/wp\/v2\/events"}],"about":[{"href":"https:\/\/www.secumar.com\/en\/wp-json\/wp\/v2\/types\/events"}],"version-history":[{"count":4,"href":"https:\/\/www.secumar.com\/en\/wp-json\/wp\/v2\/events\/58682\/revisions"}],"predecessor-version":[{"id":58715,"href":"https:\/\/www.secumar.com\/en\/wp-json\/wp\/v2\/events\/58682\/revisions\/58715"}],"wp:featuredmedia":[{"embeddable":true,"href":"https:\/\/www.secumar.com\/en\/wp-json\/wp\/v2\/media\/58708"}],"wp:attachment":[{"href":"https:\/\/www.secumar.com\/en\/wp-json\/wp\/v2\/media?parent=58682"}],"curies":[{"name":"wp","href":"https:\/\/api.w.org\/{rel}","templated":true}]}}