{"id":58349,"date":"2025-09-09T12:06:41","date_gmt":"2025-09-09T10:06:41","guid":{"rendered":"https:\/\/www.secumar.com\/?post_type=events&#038;p=58349"},"modified":"2025-09-22T09:22:03","modified_gmt":"2025-09-22T07:22:03","slug":"kontraste-bei-ars-secumaris","status":"publish","type":"events","link":"https:\/\/www.secumar.com\/en\/events\/kontraste-bei-ars-secumaris\/","title":{"rendered":"\u201eKontraste\u201c bei ars secumaris"},"content":{"rendered":"<p class=\" eplus-wrapper\"><strong><br>Mathilde Berry und Karin Strobl stellen in Holm aus \u2013 Vernissage am 26. September 2025 <\/strong><\/p><p class=\" eplus-wrapper\">Fans kr\u00e4ftiger Gegens\u00e4tze und satter Farbgestaltung werden ihre besondere Freude haben, sobald die Malerinnen Mathilde Berry und Karin Strobl im Rahmen der Reihe \u201ears secumaris\u201c eine Auswahl ihrer Werke pr\u00e4sentieren werden. \u201eKontraste\u201c lautet der Titel der Ausstellung, die ab Freitag, 26. September in den R\u00e4umen der Holmer Firma Bernhardt Apparatebau zu betrachten sein wird.<\/p><!--more--><p class=\" eplus-wrapper\"><a href=\"https:\/\/mathildeberry.com\/\">Mathilde Berry<\/a> und <a href=\"https:\/\/www.karinstrobl.de\/\">Karin Strobl<\/a> sind einerseits \u00e4hnlich und doch so verschieden. Beide lieben den Umgang mit kr\u00e4ftigen Farben, setzen sie ein, um deutliche Eindr\u00fccke zu hinterlassen. So werden alle Bilder von ihnen zu un\u00fcbersehbaren \u201eHinguckern\u201c.<br>Doch w\u00e4hrend Mathilde Berry ihre Eindr\u00fccke von der Natur in ihrer Heimat an der franz\u00f6sischen Atlantikk\u00fcste Frankreichs oder auch mitunter schwierige pers\u00f6nliche Erlebnissen eher auf abstrakte Weise wiedergibt, komponiert Karin Strobl ihre Werke zwar \u00fcberraschend und eigenwillig, aber immer doch mit konkreten Motiven in Kombinationen, die verbl\u00fcffen. Einige von Karin Strobl gezeigte Skulturen sowie von ihr illustrierte Kinderb\u00fccher werden die Ausstellung bereichern.<br>Beide Frauen sind in der internationalen Kunstszene nicht irgendwer. Mathilde Berry ist Sch\u00fclerin der amerikanischen K\u00fcnstlerin Flora Bowley und sie stellte unter anderem in Paris, Hamburg und Venedig aus. Karin Strobl wurde unter anderem von Elvira Bach, Markus L\u00fcpertz und Walter Strobl ausgebildet. Ihre Bilder begeisterten schon bei zahlreichen Ausstellungen in und um Hamburg, Luxemburg, El-Gouna\/\u00c4gypten, Z\u00fcrich und Wien.<\/p><p class=\" eplus-wrapper\">Wie gewohnt sind die Ausstellungsr\u00e4ume am Holmer Bredhornweg am Freitag, 26. September 2025, ab 19 Uhr f\u00fcr die Vernissage ge\u00f6ffnet. Der Eintritt ist wie immer frei.<\/p><p class=\" eplus-wrapper\">Die Einf\u00fchrung und musikalische Gestaltung wird von den K\u00fcnstlerinnen selbst \u00fcbernommen wird.<\/p><p class=\" eplus-wrapper\">Die Ausstellung ist bis zum 31. Januar 2026 jeweils w\u00e4hrend der SECUMAR-B\u00fcrozeiten ge\u00f6ffnet: Montag bis Donnerstag von 08.00 bis 16.30 Uhr, Freitag bis 13.30 Uhr. Weitere Termine nach Vereinbarung.<\/p><h2 class=\" wp-block-heading eplus-wrapper\">Die Kulturreihe ars secumaris<\/h2><p class=\" eplus-wrapper\">Mit der Kulturreihe \u201e<a href=\"https:\/\/www.secumar.com\/events\/category\/ars-secumaris\/\">ars secumaris<\/a>\u201c schlagen wir, die Bernhardt Apparatebau GmbH u. Co., f\u00fchrender Hersteller von Rettungswesten unter dem Markennamen SECUMAR, eine Br\u00fccke zwischen Kunst und Wirtschaft. Regelm\u00e4\u00dfig stellen wir unsere R\u00e4umlichkeiten K\u00fcnstlern f\u00fcr Ausstellungen und Konzerte zur Verf\u00fcgung. Weitere Informationen erhalten Sie per E-Mail <a href=\"mailto:info@secumar.com\">info@secumar.com<\/a> oder unter der Telefonnummer <a href=\"tel:+4941031250\">+49 4103 125-0<\/a>.<\/p><div style=\"height:20px\" aria-hidden=\"true\" class=\" wp-block-spacer eplus-wrapper\"><\/div><figure class=\"is-layout-flex wp-block-gallery has-nested-images columns-2 is-cropped eplus-wrapper wp-block-gallery-1 wp-block-gallery-is-layout-flex\"><figure class=\" wp-block-image size-large eplus-wrapper\"><img decoding=\"async\" width=\"476\" height=\"511\" data-id=\"58351\" src=\"https:\/\/www.secumar.com\/wp-content\/uploads\/2025\/09\/0-Karin-Strobl-Portrait.jpg\" alt=\"\" class=\"wp-image-58351\" srcset=\"https:\/\/www.secumar.com\/wp-content\/uploads\/2025\/09\/0-Karin-Strobl-Portrait.jpg 476w, https:\/\/www.secumar.com\/wp-content\/uploads\/2025\/09\/0-Karin-Strobl-Portrait-279x300.jpg 279w\" sizes=\"(max-width: 476px) 100vw, 476px\" \/><figcaption class=\"wp-element-caption\">Karin Strobl<\/figcaption><\/figure>\n\n<figure class=\" wp-block-image size-large eplus-wrapper\"><img decoding=\"async\" width=\"683\" height=\"1024\" data-id=\"58355\" src=\"https:\/\/www.secumar.com\/wp-content\/uploads\/2025\/09\/image00132-Portrait-Berry-683x1024.jpeg\" alt=\"\" class=\"wp-image-58355\" srcset=\"https:\/\/www.secumar.com\/wp-content\/uploads\/2025\/09\/image00132-Portrait-Berry-683x1024.jpeg 683w, https:\/\/www.secumar.com\/wp-content\/uploads\/2025\/09\/image00132-Portrait-Berry-200x300.jpeg 200w, https:\/\/www.secumar.com\/wp-content\/uploads\/2025\/09\/image00132-Portrait-Berry-1024x1536.jpeg 1024w, https:\/\/www.secumar.com\/wp-content\/uploads\/2025\/09\/image00132-Portrait-Berry-500x750.jpeg 500w, https:\/\/www.secumar.com\/wp-content\/uploads\/2025\/09\/image00132-Portrait-Berry-600x900.jpeg 600w, https:\/\/www.secumar.com\/wp-content\/uploads\/2025\/09\/image00132-Portrait-Berry.jpeg 1080w\" sizes=\"(max-width: 683px) 100vw, 683px\" \/><figcaption class=\"wp-element-caption\">Mathilde Berry<\/figcaption><\/figure>\n\n<figure class=\" wp-block-image size-large eplus-wrapper\"><img decoding=\"async\" width=\"1024\" height=\"1020\" data-id=\"58359\" src=\"https:\/\/www.secumar.com\/wp-content\/uploads\/2025\/09\/unterwegs-80x80cm-Strobl-1024x1020.jpg\" alt=\"\" class=\"wp-image-58359\" srcset=\"https:\/\/www.secumar.com\/wp-content\/uploads\/2025\/09\/unterwegs-80x80cm-Strobl-1024x1020.jpg 1024w, https:\/\/www.secumar.com\/wp-content\/uploads\/2025\/09\/unterwegs-80x80cm-Strobl-300x300.jpg 300w, https:\/\/www.secumar.com\/wp-content\/uploads\/2025\/09\/unterwegs-80x80cm-Strobl-1536x1531.jpg 1536w, https:\/\/www.secumar.com\/wp-content\/uploads\/2025\/09\/unterwegs-80x80cm-Strobl-2048x2041.jpg 2048w, https:\/\/www.secumar.com\/wp-content\/uploads\/2025\/09\/unterwegs-80x80cm-Strobl-750x747.jpg 750w, https:\/\/www.secumar.com\/wp-content\/uploads\/2025\/09\/unterwegs-80x80cm-Strobl-600x598.jpg 600w, https:\/\/www.secumar.com\/wp-content\/uploads\/2025\/09\/unterwegs-80x80cm-Strobl-100x100.jpg 100w\" sizes=\"(max-width: 1024px) 100vw, 1024px\" \/><figcaption class=\"wp-element-caption\">Gem\u00e4lde &#8220;unterwegs&#8221; von Karin Strobl<\/figcaption><\/figure>\n\n<figure class=\" wp-block-image size-large eplus-wrapper\"><img decoding=\"async\" width=\"1024\" height=\"1024\" data-id=\"58363\" src=\"https:\/\/www.secumar.com\/wp-content\/uploads\/2025\/09\/IMG_0260-Berry-1024x1024.jpeg\" alt=\"\" class=\"wp-image-58363\" srcset=\"https:\/\/www.secumar.com\/wp-content\/uploads\/2025\/09\/IMG_0260-Berry-1024x1024.jpeg 1024w, https:\/\/www.secumar.com\/wp-content\/uploads\/2025\/09\/IMG_0260-Berry-300x300.jpeg 300w, https:\/\/www.secumar.com\/wp-content\/uploads\/2025\/09\/IMG_0260-Berry-1536x1536.jpeg 1536w, https:\/\/www.secumar.com\/wp-content\/uploads\/2025\/09\/IMG_0260-Berry-2048x2048.jpeg 2048w, https:\/\/www.secumar.com\/wp-content\/uploads\/2025\/09\/IMG_0260-Berry-750x750.jpeg 750w, https:\/\/www.secumar.com\/wp-content\/uploads\/2025\/09\/IMG_0260-Berry-600x600.jpeg 600w, https:\/\/www.secumar.com\/wp-content\/uploads\/2025\/09\/IMG_0260-Berry-100x100.jpeg 100w\" sizes=\"(max-width: 1024px) 100vw, 1024px\" \/><figcaption class=\"wp-element-caption\">Gem\u00e4lde von Mathilde Berry <\/figcaption><\/figure><\/figure><p class=\" eplus-wrapper\"><\/p>","protected":false},"featured_media":58370,"template":"","meta":{"_acf_changed":false,"_searchwp_excluded":"","editor_plus_copied_stylings":"{}","footnotes":"","_links_to":"","_links_to_target":""},"class_list":["post-58349","events","type-events","status-publish","has-post-thumbnail","hentry","event_category-ars-secumaris"],"acf":[],"yoast_head":"<!-- This site is optimized with the Yoast SEO plugin v24.6 - https:\/\/yoast.com\/wordpress\/plugins\/seo\/ -->\n<title>\u201eKontraste\u201c bei ars secumaris - SECUMAR<\/title>\n<meta name=\"robots\" content=\"index, follow, max-snippet:-1, max-image-preview:large, max-video-preview:-1\" \/>\n<link rel=\"canonical\" href=\"https:\/\/www.secumar.com\/events\/kontraste-bei-ars-secumaris\/\" \/>\n<meta property=\"og:locale\" content=\"en_US\" \/>\n<meta property=\"og:type\" content=\"article\" \/>\n<meta property=\"og:title\" content=\"\u201eKontraste\u201c bei ars secumaris - SECUMAR\" \/>\n<meta property=\"og:description\" content=\"Mathilde Berry und Karin Strobl stellen in Holm aus \u2013 Vernissage am 26. September 2025 Fans kr\u00e4ftiger Gegens\u00e4tze und satter Farbgestaltung werden ihre besondere Freude haben, sobald die Malerinnen Mathilde Berry und Karin Strobl im Rahmen der Reihe \u201ears secumaris\u201c eine Auswahl ihrer Werke pr\u00e4sentieren werden. \u201eKontraste\u201c lautet der Titel der Ausstellung, die ab Freitag, [&hellip;]\" \/>\n<meta property=\"og:url\" content=\"https:\/\/www.secumar.com\/events\/kontraste-bei-ars-secumaris\/\" \/>\n<meta property=\"og:site_name\" content=\"SECUMAR\" \/>\n<meta property=\"article:publisher\" content=\"https:\/\/www.facebook.com\/Secumar\/\" \/>\n<meta property=\"article:modified_time\" content=\"2025-09-22T07:22:03+00:00\" \/>\n<meta property=\"og:image\" content=\"https:\/\/www.secumar.com\/wp-content\/uploads\/2025\/09\/Kontraste-website_1080x1080.jpg\" \/>\n\t<meta property=\"og:image:width\" content=\"2160\" \/>\n\t<meta property=\"og:image:height\" content=\"2160\" \/>\n\t<meta property=\"og:image:type\" content=\"image\/jpeg\" \/>\n<meta name=\"twitter:card\" content=\"summary_large_image\" \/>\n<meta name=\"twitter:label1\" content=\"Est. reading time\" \/>\n\t<meta name=\"twitter:data1\" content=\"4 minutes\" \/>\n<script type=\"application\/ld+json\" class=\"yoast-schema-graph\">{\"@context\":\"https:\/\/schema.org\",\"@graph\":[{\"@type\":\"WebPage\",\"@id\":\"https:\/\/www.secumar.com\/events\/kontraste-bei-ars-secumaris\/\",\"url\":\"https:\/\/www.secumar.com\/events\/kontraste-bei-ars-secumaris\/\",\"name\":\"\u201eKontraste\u201c bei ars secumaris - SECUMAR\",\"isPartOf\":{\"@id\":\"https:\/\/www.secumar.com\/#website\"},\"primaryImageOfPage\":{\"@id\":\"https:\/\/www.secumar.com\/events\/kontraste-bei-ars-secumaris\/#primaryimage\"},\"image\":{\"@id\":\"https:\/\/www.secumar.com\/events\/kontraste-bei-ars-secumaris\/#primaryimage\"},\"thumbnailUrl\":\"https:\/\/www.secumar.com\/wp-content\/uploads\/2025\/09\/Kontraste-website_1080x1080.jpg\",\"datePublished\":\"2025-09-09T10:06:41+00:00\",\"dateModified\":\"2025-09-22T07:22:03+00:00\",\"breadcrumb\":{\"@id\":\"https:\/\/www.secumar.com\/events\/kontraste-bei-ars-secumaris\/#breadcrumb\"},\"inLanguage\":\"en-US\",\"potentialAction\":[{\"@type\":\"ReadAction\",\"target\":[\"https:\/\/www.secumar.com\/events\/kontraste-bei-ars-secumaris\/\"]}]},{\"@type\":\"ImageObject\",\"inLanguage\":\"en-US\",\"@id\":\"https:\/\/www.secumar.com\/events\/kontraste-bei-ars-secumaris\/#primaryimage\",\"url\":\"https:\/\/www.secumar.com\/wp-content\/uploads\/2025\/09\/Kontraste-website_1080x1080.jpg\",\"contentUrl\":\"https:\/\/www.secumar.com\/wp-content\/uploads\/2025\/09\/Kontraste-website_1080x1080.jpg\",\"width\":2160,\"height\":2160},{\"@type\":\"BreadcrumbList\",\"@id\":\"https:\/\/www.secumar.com\/events\/kontraste-bei-ars-secumaris\/#breadcrumb\",\"itemListElement\":[{\"@type\":\"ListItem\",\"position\":1,\"name\":\"Startseite\",\"item\":\"https:\/\/www.secumar.com\/en\/\"},{\"@type\":\"ListItem\",\"position\":2,\"name\":\"Veranstaltungen\",\"item\":\"https:\/\/www.secumar.com\/events\/\"},{\"@type\":\"ListItem\",\"position\":3,\"name\":\"\u201eKontraste\u201c bei ars secumaris\"}]},{\"@type\":\"WebSite\",\"@id\":\"https:\/\/www.secumar.com\/#website\",\"url\":\"https:\/\/www.secumar.com\/\",\"name\":\"SECUMAR\",\"description\":\"Bernhardt Apparatebau GmbH u. Co.\",\"publisher\":{\"@id\":\"https:\/\/www.secumar.com\/#organization\"},\"potentialAction\":[{\"@type\":\"SearchAction\",\"target\":{\"@type\":\"EntryPoint\",\"urlTemplate\":\"https:\/\/www.secumar.com\/?s={search_term_string}\"},\"query-input\":{\"@type\":\"PropertyValueSpecification\",\"valueRequired\":true,\"valueName\":\"search_term_string\"}}],\"inLanguage\":\"en-US\"},{\"@type\":\"Organization\",\"@id\":\"https:\/\/www.secumar.com\/#organization\",\"name\":\"Bernhardt Apparatebau GmbH u. Co.\",\"url\":\"https:\/\/www.secumar.com\/\",\"logo\":{\"@type\":\"ImageObject\",\"inLanguage\":\"en-US\",\"@id\":\"https:\/\/www.secumar.com\/#\/schema\/logo\/image\/\",\"url\":\"https:\/\/www.secumar.com\/wp-content\/uploads\/2016\/09\/S-Logo_150px-3.jpg\",\"contentUrl\":\"https:\/\/www.secumar.com\/wp-content\/uploads\/2016\/09\/S-Logo_150px-3.jpg\",\"width\":150,\"height\":150,\"caption\":\"Bernhardt Apparatebau GmbH u. Co.\"},\"image\":{\"@id\":\"https:\/\/www.secumar.com\/#\/schema\/logo\/image\/\"},\"sameAs\":[\"https:\/\/www.facebook.com\/Secumar\/\",\"https:\/\/www.instagram.com\/secumar\/\",\"https:\/\/www.linkedin.com\/company-beta\/8684519\/\",\"https:\/\/www.youtube.com\/user\/BernhardtApparatebau\",\"https:\/\/de.wikipedia.org\/wiki\/Secumar\"]}]}<\/script>\n<!-- \/ Yoast SEO plugin. -->","yoast_head_json":{"title":"\u201eKontraste\u201c bei ars secumaris - SECUMAR","robots":{"index":"index","follow":"follow","max-snippet":"max-snippet:-1","max-image-preview":"max-image-preview:large","max-video-preview":"max-video-preview:-1"},"canonical":"https:\/\/www.secumar.com\/events\/kontraste-bei-ars-secumaris\/","og_locale":"en_US","og_type":"article","og_title":"\u201eKontraste\u201c bei ars secumaris - SECUMAR","og_description":"Mathilde Berry und Karin Strobl stellen in Holm aus \u2013 Vernissage am 26. September 2025 Fans kr\u00e4ftiger Gegens\u00e4tze und satter Farbgestaltung werden ihre besondere Freude haben, sobald die Malerinnen Mathilde Berry und Karin Strobl im Rahmen der Reihe \u201ears secumaris\u201c eine Auswahl ihrer Werke pr\u00e4sentieren werden. \u201eKontraste\u201c lautet der Titel der Ausstellung, die ab Freitag, [&hellip;]","og_url":"https:\/\/www.secumar.com\/events\/kontraste-bei-ars-secumaris\/","og_site_name":"SECUMAR","article_publisher":"https:\/\/www.facebook.com\/Secumar\/","article_modified_time":"2025-09-22T07:22:03+00:00","og_image":[{"width":2160,"height":2160,"url":"https:\/\/www.secumar.com\/wp-content\/uploads\/2025\/09\/Kontraste-website_1080x1080.jpg","type":"image\/jpeg"}],"twitter_card":"summary_large_image","twitter_misc":{"Est. reading time":"4 minutes"},"schema":{"@context":"https:\/\/schema.org","@graph":[{"@type":"WebPage","@id":"https:\/\/www.secumar.com\/events\/kontraste-bei-ars-secumaris\/","url":"https:\/\/www.secumar.com\/events\/kontraste-bei-ars-secumaris\/","name":"\u201eKontraste\u201c bei ars secumaris - SECUMAR","isPartOf":{"@id":"https:\/\/www.secumar.com\/#website"},"primaryImageOfPage":{"@id":"https:\/\/www.secumar.com\/events\/kontraste-bei-ars-secumaris\/#primaryimage"},"image":{"@id":"https:\/\/www.secumar.com\/events\/kontraste-bei-ars-secumaris\/#primaryimage"},"thumbnailUrl":"https:\/\/www.secumar.com\/wp-content\/uploads\/2025\/09\/Kontraste-website_1080x1080.jpg","datePublished":"2025-09-09T10:06:41+00:00","dateModified":"2025-09-22T07:22:03+00:00","breadcrumb":{"@id":"https:\/\/www.secumar.com\/events\/kontraste-bei-ars-secumaris\/#breadcrumb"},"inLanguage":"en-US","potentialAction":[{"@type":"ReadAction","target":["https:\/\/www.secumar.com\/events\/kontraste-bei-ars-secumaris\/"]}]},{"@type":"ImageObject","inLanguage":"en-US","@id":"https:\/\/www.secumar.com\/events\/kontraste-bei-ars-secumaris\/#primaryimage","url":"https:\/\/www.secumar.com\/wp-content\/uploads\/2025\/09\/Kontraste-website_1080x1080.jpg","contentUrl":"https:\/\/www.secumar.com\/wp-content\/uploads\/2025\/09\/Kontraste-website_1080x1080.jpg","width":2160,"height":2160},{"@type":"BreadcrumbList","@id":"https:\/\/www.secumar.com\/events\/kontraste-bei-ars-secumaris\/#breadcrumb","itemListElement":[{"@type":"ListItem","position":1,"name":"Startseite","item":"https:\/\/www.secumar.com\/en\/"},{"@type":"ListItem","position":2,"name":"Veranstaltungen","item":"https:\/\/www.secumar.com\/events\/"},{"@type":"ListItem","position":3,"name":"\u201eKontraste\u201c bei ars secumaris"}]},{"@type":"WebSite","@id":"https:\/\/www.secumar.com\/#website","url":"https:\/\/www.secumar.com\/","name":"SECUMAR","description":"Bernhardt Apparatebau GmbH u. Co.","publisher":{"@id":"https:\/\/www.secumar.com\/#organization"},"potentialAction":[{"@type":"SearchAction","target":{"@type":"EntryPoint","urlTemplate":"https:\/\/www.secumar.com\/?s={search_term_string}"},"query-input":{"@type":"PropertyValueSpecification","valueRequired":true,"valueName":"search_term_string"}}],"inLanguage":"en-US"},{"@type":"Organization","@id":"https:\/\/www.secumar.com\/#organization","name":"Bernhardt Apparatebau GmbH u. Co.","url":"https:\/\/www.secumar.com\/","logo":{"@type":"ImageObject","inLanguage":"en-US","@id":"https:\/\/www.secumar.com\/#\/schema\/logo\/image\/","url":"https:\/\/www.secumar.com\/wp-content\/uploads\/2016\/09\/S-Logo_150px-3.jpg","contentUrl":"https:\/\/www.secumar.com\/wp-content\/uploads\/2016\/09\/S-Logo_150px-3.jpg","width":150,"height":150,"caption":"Bernhardt Apparatebau GmbH u. Co."},"image":{"@id":"https:\/\/www.secumar.com\/#\/schema\/logo\/image\/"},"sameAs":["https:\/\/www.facebook.com\/Secumar\/","https:\/\/www.instagram.com\/secumar\/","https:\/\/www.linkedin.com\/company-beta\/8684519\/","https:\/\/www.youtube.com\/user\/BernhardtApparatebau","https:\/\/de.wikipedia.org\/wiki\/Secumar"]}]}},"_links":{"self":[{"href":"https:\/\/www.secumar.com\/en\/wp-json\/wp\/v2\/events\/58349","targetHints":{"allow":["GET"]}}],"collection":[{"href":"https:\/\/www.secumar.com\/en\/wp-json\/wp\/v2\/events"}],"about":[{"href":"https:\/\/www.secumar.com\/en\/wp-json\/wp\/v2\/types\/events"}],"version-history":[{"count":7,"href":"https:\/\/www.secumar.com\/en\/wp-json\/wp\/v2\/events\/58349\/revisions"}],"predecessor-version":[{"id":58480,"href":"https:\/\/www.secumar.com\/en\/wp-json\/wp\/v2\/events\/58349\/revisions\/58480"}],"wp:featuredmedia":[{"embeddable":true,"href":"https:\/\/www.secumar.com\/en\/wp-json\/wp\/v2\/media\/58370"}],"wp:attachment":[{"href":"https:\/\/www.secumar.com\/en\/wp-json\/wp\/v2\/media?parent=58349"}],"curies":[{"name":"wp","href":"https:\/\/api.w.org\/{rel}","templated":true}]}}