{"id":56257,"date":"2025-02-19T15:15:49","date_gmt":"2025-02-19T14:15:49","guid":{"rendered":"https:\/\/www.secumar.com\/?post_type=events&#038;p=56257"},"modified":"2025-03-05T13:41:27","modified_gmt":"2025-03-05T12:41:27","slug":"hamburger-hafen-land-und-mehr","status":"publish","type":"events","link":"https:\/\/www.secumar.com\/en\/events\/hamburger-hafen-land-und-mehr\/","title":{"rendered":"Hamburger Hafen, Land und mehr"},"content":{"rendered":"<p class=\" eplus-wrapper\"><strong><br>ars secumaris zeigt norddeutsche Motive von Helmut Brundert und Antonio Martinez ab 14. M\u00e4rz 2025 <\/strong><\/p><p class=\" eplus-wrapper\">Holm. Das wird heimelig! Wohl die meisten Motive der kommenden Ausstellung im Rahmen der Veranstaltungsreihe \u201ears secumaris\u201c werden die Besucherinnen und Besucher wiedererkennen oder sie werden ihnen zumindest bekannt vorkommen. Die K\u00f6hlbrandbr\u00fccke und der Leuchtturm \u201ekleiner Kohn\u201c, leuchtende Rapsfelder, Fischerboote und mehr.<\/p><!--more--><p class=\" eplus-wrapper\">Helmut Brundert fand nach einem erf\u00fcllten Arbeitsleben vor 25 Jahren wieder die Zeit, sich der Malerei zu widmen. Seine Kenntnisse vervollst\u00e4ndigte er auf Seminaren und Malreisen sowie bei den Norddeutschen Realisten Lars M\u00f6ller und Till Warwas. Er malt Aquarelle sowie mit \u00d6l- und Acrylfarben auf B\u00fcttenpapier und Leinwand. Die Malerei auf antiken Seekarten und altem Segeltuch geben seinen Motiven einen unverwechselbaren Ausdruck. Sein Credo: \u201eDas ganze Leben ist Farbe, Farbe ist Lebensfreude.\u201c<br>Antonio Martinez war schon in seiner Kindheit in Spanien von der Malerei fasziniert. Nach seinem Ausscheiden als Diplom-Ingenieur bei Airbus brach die alte Leidenschaft wieder durch. Intensiver Malunterricht und Seminare bei vielen Dozenten wie B. Hoepner, E. Gloede, Chr. Noch sowie Lars M\u00f6ller und Till Warwas folgten. Aktuell malt er in einer Ateliergemeinschaft \u201eMalfluss Elbe\u201c mit sieben Kollegen in Wedel an der Elbe. Seine Motive: Hamburger Hafen, norddeutsche Landschaften, Nord- und Ostsee sowie Island.<\/p><p class=\" eplus-wrapper\">Wie gewohnt sind die Ausstellungsr\u00e4ume am Holmer Bredhornweg am Freitag, 14. M\u00e4rz 2025, ab 19 Uhr f\u00fcr die Vernissage ge\u00f6ffnet. Der Eintritt ist wie immer frei.<\/p><p class=\" eplus-wrapper\">Musikalisch begleitet wird die Veranstaltung von Sch\u00fclern aus dem Musikzentrum Schulauer Hof Julia Petry.<\/p><p class=\" eplus-wrapper\">Die Ausstellung ist bis zum 01. August 2025 jeweils w\u00e4hrend der SECUMAR-B\u00fcrozeiten ge\u00f6ffnet: Montag bis Donnerstag von 08.00 bis 16.30 Uhr, Freitag bis 13.30 Uhr. Weitere Termine nach Vereinbarung.<\/p><h2 class=\" wp-block-heading eplus-wrapper\">Die Kulturreihe ars secumaris<\/h2><p class=\" eplus-wrapper\">Mit der Kulturreihe \u201e<a href=\"https:\/\/www.secumar.com\/events\/category\/ars-secumaris\/\">ars secumaris<\/a>\u201c schlagen wir, die Bernhardt Apparatebau GmbH u. Co., f\u00fchrender Hersteller von Rettungswesten unter dem Markennamen SECUMAR, eine Br\u00fccke zwischen Kunst und Wirtschaft. Regelm\u00e4\u00dfig stellen wir unsere R\u00e4umlichkeiten K\u00fcnstlern f\u00fcr Ausstellungen und Konzerte zur Verf\u00fcgung. Weitere Informationen erhalten Sie per E-Mail <a href=\"mailto:info@secumar.com\">info@secumar.com<\/a> oder unter der Telefonnummer <a href=\"tel:+4941031250\">+49 4103 125-0<\/a>.<\/p><p class=\" eplus-wrapper\"><\/p>","protected":false},"featured_media":56259,"template":"","meta":{"_acf_changed":false,"_searchwp_excluded":"","editor_plus_copied_stylings":"{}","footnotes":"","_links_to":"","_links_to_target":""},"class_list":["post-56257","events","type-events","status-publish","has-post-thumbnail","hentry","event_category-ars-secumaris"],"acf":[],"yoast_head":"<!-- This site is optimized with the Yoast SEO plugin v24.6 - https:\/\/yoast.com\/wordpress\/plugins\/seo\/ -->\n<title>Hamburger Hafen, Land und mehr - SECUMAR<\/title>\n<meta name=\"robots\" content=\"index, follow, max-snippet:-1, max-image-preview:large, max-video-preview:-1\" \/>\n<link rel=\"canonical\" href=\"https:\/\/www.secumar.com\/events\/hamburger-hafen-land-und-mehr\/\" \/>\n<meta property=\"og:locale\" content=\"en_US\" \/>\n<meta property=\"og:type\" content=\"article\" \/>\n<meta property=\"og:title\" content=\"Hamburger Hafen, Land und mehr - SECUMAR\" \/>\n<meta property=\"og:description\" content=\"ars secumaris zeigt norddeutsche Motive von Helmut Brundert und Antonio Martinez ab 14. M\u00e4rz 2025 Holm. Das wird heimelig! Wohl die meisten Motive der kommenden Ausstellung im Rahmen der Veranstaltungsreihe \u201ears secumaris\u201c werden die Besucherinnen und Besucher wiedererkennen oder sie werden ihnen zumindest bekannt vorkommen. Die K\u00f6hlbrandbr\u00fccke und der Leuchtturm \u201ekleiner Kohn\u201c, leuchtende Rapsfelder, Fischerboote [&hellip;]\" \/>\n<meta property=\"og:url\" content=\"https:\/\/www.secumar.com\/events\/hamburger-hafen-land-und-mehr\/\" \/>\n<meta property=\"og:site_name\" content=\"SECUMAR\" \/>\n<meta property=\"article:publisher\" content=\"https:\/\/www.facebook.com\/Secumar\/\" \/>\n<meta property=\"article:modified_time\" content=\"2025-03-05T12:41:27+00:00\" \/>\n<meta property=\"og:image\" content=\"https:\/\/www.secumar.com\/wp-content\/uploads\/2025\/02\/ars-secumaris-Vernissage-14.03.25-Social.jpg\" \/>\n\t<meta property=\"og:image:width\" content=\"2160\" \/>\n\t<meta property=\"og:image:height\" content=\"2160\" \/>\n\t<meta property=\"og:image:type\" content=\"image\/jpeg\" \/>\n<meta name=\"twitter:card\" content=\"summary_large_image\" \/>\n<meta name=\"twitter:label1\" content=\"Est. reading time\" \/>\n\t<meta name=\"twitter:data1\" content=\"3 minutes\" \/>\n<script type=\"application\/ld+json\" class=\"yoast-schema-graph\">{\"@context\":\"https:\/\/schema.org\",\"@graph\":[{\"@type\":\"WebPage\",\"@id\":\"https:\/\/www.secumar.com\/events\/hamburger-hafen-land-und-mehr\/\",\"url\":\"https:\/\/www.secumar.com\/events\/hamburger-hafen-land-und-mehr\/\",\"name\":\"Hamburger Hafen, Land und mehr - SECUMAR\",\"isPartOf\":{\"@id\":\"https:\/\/www.secumar.com\/#website\"},\"primaryImageOfPage\":{\"@id\":\"https:\/\/www.secumar.com\/events\/hamburger-hafen-land-und-mehr\/#primaryimage\"},\"image\":{\"@id\":\"https:\/\/www.secumar.com\/events\/hamburger-hafen-land-und-mehr\/#primaryimage\"},\"thumbnailUrl\":\"https:\/\/www.secumar.com\/wp-content\/uploads\/2025\/02\/ars-secumaris-Vernissage-14.03.25-Social.jpg\",\"datePublished\":\"2025-02-19T14:15:49+00:00\",\"dateModified\":\"2025-03-05T12:41:27+00:00\",\"breadcrumb\":{\"@id\":\"https:\/\/www.secumar.com\/events\/hamburger-hafen-land-und-mehr\/#breadcrumb\"},\"inLanguage\":\"en-US\",\"potentialAction\":[{\"@type\":\"ReadAction\",\"target\":[\"https:\/\/www.secumar.com\/events\/hamburger-hafen-land-und-mehr\/\"]}]},{\"@type\":\"ImageObject\",\"inLanguage\":\"en-US\",\"@id\":\"https:\/\/www.secumar.com\/events\/hamburger-hafen-land-und-mehr\/#primaryimage\",\"url\":\"https:\/\/www.secumar.com\/wp-content\/uploads\/2025\/02\/ars-secumaris-Vernissage-14.03.25-Social.jpg\",\"contentUrl\":\"https:\/\/www.secumar.com\/wp-content\/uploads\/2025\/02\/ars-secumaris-Vernissage-14.03.25-Social.jpg\",\"width\":2160,\"height\":2160},{\"@type\":\"BreadcrumbList\",\"@id\":\"https:\/\/www.secumar.com\/events\/hamburger-hafen-land-und-mehr\/#breadcrumb\",\"itemListElement\":[{\"@type\":\"ListItem\",\"position\":1,\"name\":\"Startseite\",\"item\":\"https:\/\/www.secumar.com\/en\/\"},{\"@type\":\"ListItem\",\"position\":2,\"name\":\"Veranstaltungen\",\"item\":\"https:\/\/www.secumar.com\/events\/\"},{\"@type\":\"ListItem\",\"position\":3,\"name\":\"Hamburger Hafen, Land und mehr\"}]},{\"@type\":\"WebSite\",\"@id\":\"https:\/\/www.secumar.com\/#website\",\"url\":\"https:\/\/www.secumar.com\/\",\"name\":\"SECUMAR\",\"description\":\"Bernhardt Apparatebau GmbH u. Co.\",\"publisher\":{\"@id\":\"https:\/\/www.secumar.com\/#organization\"},\"potentialAction\":[{\"@type\":\"SearchAction\",\"target\":{\"@type\":\"EntryPoint\",\"urlTemplate\":\"https:\/\/www.secumar.com\/?s={search_term_string}\"},\"query-input\":{\"@type\":\"PropertyValueSpecification\",\"valueRequired\":true,\"valueName\":\"search_term_string\"}}],\"inLanguage\":\"en-US\"},{\"@type\":\"Organization\",\"@id\":\"https:\/\/www.secumar.com\/#organization\",\"name\":\"Bernhardt Apparatebau GmbH u. Co.\",\"url\":\"https:\/\/www.secumar.com\/\",\"logo\":{\"@type\":\"ImageObject\",\"inLanguage\":\"en-US\",\"@id\":\"https:\/\/www.secumar.com\/#\/schema\/logo\/image\/\",\"url\":\"https:\/\/www.secumar.com\/wp-content\/uploads\/2016\/09\/S-Logo_150px-3.jpg\",\"contentUrl\":\"https:\/\/www.secumar.com\/wp-content\/uploads\/2016\/09\/S-Logo_150px-3.jpg\",\"width\":150,\"height\":150,\"caption\":\"Bernhardt Apparatebau GmbH u. Co.\"},\"image\":{\"@id\":\"https:\/\/www.secumar.com\/#\/schema\/logo\/image\/\"},\"sameAs\":[\"https:\/\/www.facebook.com\/Secumar\/\",\"https:\/\/www.instagram.com\/secumar\/\",\"https:\/\/www.linkedin.com\/company-beta\/8684519\/\",\"https:\/\/www.youtube.com\/user\/BernhardtApparatebau\",\"https:\/\/de.wikipedia.org\/wiki\/Secumar\"]}]}<\/script>\n<!-- \/ Yoast SEO plugin. -->","yoast_head_json":{"title":"Hamburger Hafen, Land und mehr - SECUMAR","robots":{"index":"index","follow":"follow","max-snippet":"max-snippet:-1","max-image-preview":"max-image-preview:large","max-video-preview":"max-video-preview:-1"},"canonical":"https:\/\/www.secumar.com\/events\/hamburger-hafen-land-und-mehr\/","og_locale":"en_US","og_type":"article","og_title":"Hamburger Hafen, Land und mehr - SECUMAR","og_description":"ars secumaris zeigt norddeutsche Motive von Helmut Brundert und Antonio Martinez ab 14. M\u00e4rz 2025 Holm. Das wird heimelig! Wohl die meisten Motive der kommenden Ausstellung im Rahmen der Veranstaltungsreihe \u201ears secumaris\u201c werden die Besucherinnen und Besucher wiedererkennen oder sie werden ihnen zumindest bekannt vorkommen. Die K\u00f6hlbrandbr\u00fccke und der Leuchtturm \u201ekleiner Kohn\u201c, leuchtende Rapsfelder, Fischerboote [&hellip;]","og_url":"https:\/\/www.secumar.com\/events\/hamburger-hafen-land-und-mehr\/","og_site_name":"SECUMAR","article_publisher":"https:\/\/www.facebook.com\/Secumar\/","article_modified_time":"2025-03-05T12:41:27+00:00","og_image":[{"width":2160,"height":2160,"url":"https:\/\/www.secumar.com\/wp-content\/uploads\/2025\/02\/ars-secumaris-Vernissage-14.03.25-Social.jpg","type":"image\/jpeg"}],"twitter_card":"summary_large_image","twitter_misc":{"Est. reading time":"3 minutes"},"schema":{"@context":"https:\/\/schema.org","@graph":[{"@type":"WebPage","@id":"https:\/\/www.secumar.com\/events\/hamburger-hafen-land-und-mehr\/","url":"https:\/\/www.secumar.com\/events\/hamburger-hafen-land-und-mehr\/","name":"Hamburger Hafen, Land und mehr - SECUMAR","isPartOf":{"@id":"https:\/\/www.secumar.com\/#website"},"primaryImageOfPage":{"@id":"https:\/\/www.secumar.com\/events\/hamburger-hafen-land-und-mehr\/#primaryimage"},"image":{"@id":"https:\/\/www.secumar.com\/events\/hamburger-hafen-land-und-mehr\/#primaryimage"},"thumbnailUrl":"https:\/\/www.secumar.com\/wp-content\/uploads\/2025\/02\/ars-secumaris-Vernissage-14.03.25-Social.jpg","datePublished":"2025-02-19T14:15:49+00:00","dateModified":"2025-03-05T12:41:27+00:00","breadcrumb":{"@id":"https:\/\/www.secumar.com\/events\/hamburger-hafen-land-und-mehr\/#breadcrumb"},"inLanguage":"en-US","potentialAction":[{"@type":"ReadAction","target":["https:\/\/www.secumar.com\/events\/hamburger-hafen-land-und-mehr\/"]}]},{"@type":"ImageObject","inLanguage":"en-US","@id":"https:\/\/www.secumar.com\/events\/hamburger-hafen-land-und-mehr\/#primaryimage","url":"https:\/\/www.secumar.com\/wp-content\/uploads\/2025\/02\/ars-secumaris-Vernissage-14.03.25-Social.jpg","contentUrl":"https:\/\/www.secumar.com\/wp-content\/uploads\/2025\/02\/ars-secumaris-Vernissage-14.03.25-Social.jpg","width":2160,"height":2160},{"@type":"BreadcrumbList","@id":"https:\/\/www.secumar.com\/events\/hamburger-hafen-land-und-mehr\/#breadcrumb","itemListElement":[{"@type":"ListItem","position":1,"name":"Startseite","item":"https:\/\/www.secumar.com\/en\/"},{"@type":"ListItem","position":2,"name":"Veranstaltungen","item":"https:\/\/www.secumar.com\/events\/"},{"@type":"ListItem","position":3,"name":"Hamburger Hafen, Land und mehr"}]},{"@type":"WebSite","@id":"https:\/\/www.secumar.com\/#website","url":"https:\/\/www.secumar.com\/","name":"SECUMAR","description":"Bernhardt Apparatebau GmbH u. Co.","publisher":{"@id":"https:\/\/www.secumar.com\/#organization"},"potentialAction":[{"@type":"SearchAction","target":{"@type":"EntryPoint","urlTemplate":"https:\/\/www.secumar.com\/?s={search_term_string}"},"query-input":{"@type":"PropertyValueSpecification","valueRequired":true,"valueName":"search_term_string"}}],"inLanguage":"en-US"},{"@type":"Organization","@id":"https:\/\/www.secumar.com\/#organization","name":"Bernhardt Apparatebau GmbH u. Co.","url":"https:\/\/www.secumar.com\/","logo":{"@type":"ImageObject","inLanguage":"en-US","@id":"https:\/\/www.secumar.com\/#\/schema\/logo\/image\/","url":"https:\/\/www.secumar.com\/wp-content\/uploads\/2016\/09\/S-Logo_150px-3.jpg","contentUrl":"https:\/\/www.secumar.com\/wp-content\/uploads\/2016\/09\/S-Logo_150px-3.jpg","width":150,"height":150,"caption":"Bernhardt Apparatebau GmbH u. Co."},"image":{"@id":"https:\/\/www.secumar.com\/#\/schema\/logo\/image\/"},"sameAs":["https:\/\/www.facebook.com\/Secumar\/","https:\/\/www.instagram.com\/secumar\/","https:\/\/www.linkedin.com\/company-beta\/8684519\/","https:\/\/www.youtube.com\/user\/BernhardtApparatebau","https:\/\/de.wikipedia.org\/wiki\/Secumar"]}]}},"_links":{"self":[{"href":"https:\/\/www.secumar.com\/en\/wp-json\/wp\/v2\/events\/56257","targetHints":{"allow":["GET"]}}],"collection":[{"href":"https:\/\/www.secumar.com\/en\/wp-json\/wp\/v2\/events"}],"about":[{"href":"https:\/\/www.secumar.com\/en\/wp-json\/wp\/v2\/types\/events"}],"version-history":[{"count":5,"href":"https:\/\/www.secumar.com\/en\/wp-json\/wp\/v2\/events\/56257\/revisions"}],"predecessor-version":[{"id":56414,"href":"https:\/\/www.secumar.com\/en\/wp-json\/wp\/v2\/events\/56257\/revisions\/56414"}],"wp:featuredmedia":[{"embeddable":true,"href":"https:\/\/www.secumar.com\/en\/wp-json\/wp\/v2\/media\/56259"}],"wp:attachment":[{"href":"https:\/\/www.secumar.com\/en\/wp-json\/wp\/v2\/media?parent=56257"}],"curies":[{"name":"wp","href":"https:\/\/api.w.org\/{rel}","templated":true}]}}