{"id":55021,"date":"2024-10-24T16:06:52","date_gmt":"2024-10-24T14:06:52","guid":{"rendered":"https:\/\/www.secumar.com\/?post_type=events&#038;p=55021"},"modified":"2025-02-12T09:23:31","modified_gmt":"2025-02-12T08:23:31","slug":"ars-secumaris-clara-und-marie-becker","status":"publish","type":"events","link":"https:\/\/www.secumar.com\/en\/events\/ars-secumaris-clara-und-marie-becker\/","title":{"rendered":"ars secumaris Konzert Clara und Marie Becker"},"content":{"rendered":"<p class=\" eplus-wrapper\"><strong>Klaviergenuss vierh\u00e4ndig \u2013 Clara und Marie Becker<\/strong><\/p><p class=\" eplus-wrapper\">Was gibt es Sch\u00f6neres, als sich im k\u00fchlen Herbst mit zauberhafter Klaviermusik in andere Welten zu tr\u00e4umen? Das Holmer Unternehmen Bernhardt Apparatebau macht es m\u00f6glich. Im Rahmen der Kulturreihe ars secumaris werden die Pianistinnen Clara und Marie Becker vierh\u00e4ndig gro\u00dfe Werke der Piano-Literatur zu Geh\u00f6r bringen.<\/p><p><!--more--><\/p><p class=\" eplus-wrapper\">Das Konzert beginnt am Freitag, 8. November, um 19.30 Uhr in den R\u00e4umen am Holmer Bredhornweg, Einlass ist 19 Uhr.<br \/>Auf dem Konzertprogramm stehen Werke von Antonin Dvorak, Bedrich Smetana, Felix Mendelssohn sowie drei Charakterst\u00fccke f\u00fcr Klavier zu vier H\u00e4nden von seiner Schwester Fanny Hensel Mendelssohn.<br \/>Die Zwillingsschwestern Clara und Marie Becker passen genau in die Vorstellung, die man Zwillingen im allgemeinen zuschreibt: Sie machen (fast) alles zusammen. Sie lernten das Klavierspiel getrennt, aber zur gleichen Zeit, studierten ihre Kunst in Florenz, bewohnen in Hamburg eine gemeinsame Wohnung \u2013 wenn sie denn nicht als Profimusikerinnen mit Orchestern international unterwegs sind. Nach Italien, Frankreich, Schweiz, Bulgarien, Israel und Russland werden sie jetzt G\u00e4ste in Holm sein \u2013 und zwar vierh\u00e4ndig.<br \/>Der Eintritt zu diesem Kulturgenuss ist wie immer gratis \u2013 aber um Spenden, mit denen das Theater Wedel unterst\u00fctzt werden sollen, wird gebeten.<br \/>Ars secumaris steht seit Jahren f\u00fcr eine inzwischen etablierte SECUMAR Institution, die Kunst und funktionale Rettungstechnik in ein Spannungsfeld zu bringen versucht, in dem innovative Ingenieurtechnik durch k\u00fcnstlerische Kreativit\u00e4t Inspiration erf\u00e4hrt.<br \/>Mit der Kulturreihe ars secumaris schl\u00e4gt das Unternehmen Bernhardt Apparatebau, f\u00fchrender Hersteller von Rettungswesten unter dem Markennamen SECUMAR, eine Br\u00fccke zwischen Kunst und Wirtschaft. Regelm\u00e4\u00dfig stellt die Firma ihre R\u00e4umlichkeiten K\u00fcnstlern f\u00fcr Ausstellungen und Konzerte zur Verf\u00fcgung.<\/p><h2 class=\" wp-block-heading eplus-wrapper\">Eintritt ab 19 Uhr \u2013 Eintritt frei<\/h2><p class=\" eplus-wrapper\">Der Einlass ist ab 19 Uhr. Der Eintritt ist wie immer frei, jedoch sind Spenden f\u00fcr das <a href=\"https:\/\/www.theater-wedel.de\/\">Theater Wedel<\/a>\u00a0hochwillkommen.<\/p><div class=\" wp-block-spacer eplus-wrapper\" style=\"height: 20px;\" aria-hidden=\"true\">\u00a0<\/div><h2 class=\" wp-block-heading eplus-wrapper\">Kulturreihe ars secumaris<\/h2><p class=\" eplus-wrapper\">Kunst und Rettung \u2013 SECUMAR f\u00f6rdert K\u00fcnstler<\/p>\r\n<p>Die modernen, hellen R\u00e4ume in unserem Betriebsgeb\u00e4ude in Holm bei Hamburg bilden das Forum, das SECUMAR K\u00fcnstlern erm\u00f6glicht, ihre Gem\u00e4lde und Plastiken der \u00d6ffentlichkeit zu pr\u00e4sentieren. Ein eigener Fl\u00fcgel verwandelt die R\u00e4umlichkeiten regelm\u00e4\u00dfig in einen Konzertsaal.<\/p><p class=\" eplus-wrapper\"><a href=\"https:\/\/www.secumar.com\/events\/category\/ars-secumaris\/\">ars secumaris<\/a>\u00a0steht f\u00fcr eine inzwischen etablierte SECUMAR Institution, die Kunst und funktionale Rettungstechnik in ein Spannungsfeld zu bringen versucht, in dem innovative Ingenieurstechnik durch k\u00fcnstlerische Kreativit\u00e4t Inspiration erf\u00e4hrt.<\/p>\r\n<p>&nbsp;<\/p><div class=\" wp-block-spacer eplus-wrapper\" style=\"height: 20px;\" aria-hidden=\"true\">\u00a0<\/div>","protected":false},"featured_media":55439,"template":"","meta":{"_acf_changed":false,"_searchwp_excluded":"","editor_plus_copied_stylings":"{}","footnotes":"","_links_to":"","_links_to_target":""},"class_list":["post-55021","events","type-events","status-publish","has-post-thumbnail","hentry","event_category-ars-secumaris"],"acf":[],"yoast_head":"<!-- This site is optimized with the Yoast SEO plugin v24.6 - https:\/\/yoast.com\/wordpress\/plugins\/seo\/ -->\n<title>ars secumaris Konzert Clara und Marie Becker - SECUMAR<\/title>\n<meta name=\"robots\" content=\"index, follow, max-snippet:-1, max-image-preview:large, max-video-preview:-1\" \/>\n<link rel=\"canonical\" href=\"https:\/\/www.secumar.com\/events\/ars-secumaris-clara-und-marie-becker\/\" \/>\n<meta property=\"og:locale\" content=\"en_US\" \/>\n<meta property=\"og:type\" content=\"article\" \/>\n<meta property=\"og:title\" content=\"ars secumaris Konzert Clara und Marie Becker - SECUMAR\" \/>\n<meta property=\"og:description\" content=\"Klaviergenuss vierh\u00e4ndig \u2013 Clara und Marie Becker Was gibt es Sch\u00f6neres, als sich im k\u00fchlen Herbst mit zauberhafter Klaviermusik in andere Welten zu tr\u00e4umen? Das Holmer Unternehmen Bernhardt Apparatebau macht es m\u00f6glich. Im Rahmen der Kulturreihe ars secumaris werden die Pianistinnen Clara und Marie Becker vierh\u00e4ndig gro\u00dfe Werke der Piano-Literatur zu Geh\u00f6r bringen.\" \/>\n<meta property=\"og:url\" content=\"https:\/\/www.secumar.com\/events\/ars-secumaris-clara-und-marie-becker\/\" \/>\n<meta property=\"og:site_name\" content=\"SECUMAR\" \/>\n<meta property=\"article:publisher\" content=\"https:\/\/www.facebook.com\/Secumar\/\" \/>\n<meta property=\"article:modified_time\" content=\"2025-02-12T08:23:31+00:00\" \/>\n<meta property=\"og:image\" content=\"https:\/\/www.secumar.com\/wp-content\/uploads\/2024\/10\/Clara-und-Marie-Becker.jpg\" \/>\n\t<meta property=\"og:image:width\" content=\"1191\" \/>\n\t<meta property=\"og:image:height\" content=\"1191\" \/>\n\t<meta property=\"og:image:type\" content=\"image\/jpeg\" \/>\n<meta name=\"twitter:card\" content=\"summary_large_image\" \/>\n<meta name=\"twitter:label1\" content=\"Est. reading time\" \/>\n\t<meta name=\"twitter:data1\" content=\"3 minutes\" \/>\n<script type=\"application\/ld+json\" class=\"yoast-schema-graph\">{\"@context\":\"https:\/\/schema.org\",\"@graph\":[{\"@type\":\"WebPage\",\"@id\":\"https:\/\/www.secumar.com\/events\/ars-secumaris-clara-und-marie-becker\/\",\"url\":\"https:\/\/www.secumar.com\/events\/ars-secumaris-clara-und-marie-becker\/\",\"name\":\"ars secumaris Konzert Clara und Marie Becker - SECUMAR\",\"isPartOf\":{\"@id\":\"https:\/\/www.secumar.com\/#website\"},\"primaryImageOfPage\":{\"@id\":\"https:\/\/www.secumar.com\/events\/ars-secumaris-clara-und-marie-becker\/#primaryimage\"},\"image\":{\"@id\":\"https:\/\/www.secumar.com\/events\/ars-secumaris-clara-und-marie-becker\/#primaryimage\"},\"thumbnailUrl\":\"https:\/\/www.secumar.com\/wp-content\/uploads\/2024\/10\/Clara-und-Marie-Becker.jpg\",\"datePublished\":\"2024-10-24T14:06:52+00:00\",\"dateModified\":\"2025-02-12T08:23:31+00:00\",\"breadcrumb\":{\"@id\":\"https:\/\/www.secumar.com\/events\/ars-secumaris-clara-und-marie-becker\/#breadcrumb\"},\"inLanguage\":\"en-US\",\"potentialAction\":[{\"@type\":\"ReadAction\",\"target\":[\"https:\/\/www.secumar.com\/events\/ars-secumaris-clara-und-marie-becker\/\"]}]},{\"@type\":\"ImageObject\",\"inLanguage\":\"en-US\",\"@id\":\"https:\/\/www.secumar.com\/events\/ars-secumaris-clara-und-marie-becker\/#primaryimage\",\"url\":\"https:\/\/www.secumar.com\/wp-content\/uploads\/2024\/10\/Clara-und-Marie-Becker.jpg\",\"contentUrl\":\"https:\/\/www.secumar.com\/wp-content\/uploads\/2024\/10\/Clara-und-Marie-Becker.jpg\",\"width\":1191,\"height\":1191},{\"@type\":\"BreadcrumbList\",\"@id\":\"https:\/\/www.secumar.com\/events\/ars-secumaris-clara-und-marie-becker\/#breadcrumb\",\"itemListElement\":[{\"@type\":\"ListItem\",\"position\":1,\"name\":\"Startseite\",\"item\":\"https:\/\/www.secumar.com\/en\/\"},{\"@type\":\"ListItem\",\"position\":2,\"name\":\"Veranstaltungen\",\"item\":\"https:\/\/www.secumar.com\/events\/\"},{\"@type\":\"ListItem\",\"position\":3,\"name\":\"ars secumaris Konzert Clara und Marie Becker\"}]},{\"@type\":\"WebSite\",\"@id\":\"https:\/\/www.secumar.com\/#website\",\"url\":\"https:\/\/www.secumar.com\/\",\"name\":\"SECUMAR\",\"description\":\"Bernhardt Apparatebau GmbH u. Co.\",\"publisher\":{\"@id\":\"https:\/\/www.secumar.com\/#organization\"},\"potentialAction\":[{\"@type\":\"SearchAction\",\"target\":{\"@type\":\"EntryPoint\",\"urlTemplate\":\"https:\/\/www.secumar.com\/?s={search_term_string}\"},\"query-input\":{\"@type\":\"PropertyValueSpecification\",\"valueRequired\":true,\"valueName\":\"search_term_string\"}}],\"inLanguage\":\"en-US\"},{\"@type\":\"Organization\",\"@id\":\"https:\/\/www.secumar.com\/#organization\",\"name\":\"Bernhardt Apparatebau GmbH u. Co.\",\"url\":\"https:\/\/www.secumar.com\/\",\"logo\":{\"@type\":\"ImageObject\",\"inLanguage\":\"en-US\",\"@id\":\"https:\/\/www.secumar.com\/#\/schema\/logo\/image\/\",\"url\":\"https:\/\/www.secumar.com\/wp-content\/uploads\/2016\/09\/S-Logo_150px-3.jpg\",\"contentUrl\":\"https:\/\/www.secumar.com\/wp-content\/uploads\/2016\/09\/S-Logo_150px-3.jpg\",\"width\":150,\"height\":150,\"caption\":\"Bernhardt Apparatebau GmbH u. Co.\"},\"image\":{\"@id\":\"https:\/\/www.secumar.com\/#\/schema\/logo\/image\/\"},\"sameAs\":[\"https:\/\/www.facebook.com\/Secumar\/\",\"https:\/\/www.instagram.com\/secumar\/\",\"https:\/\/www.linkedin.com\/company-beta\/8684519\/\",\"https:\/\/www.youtube.com\/user\/BernhardtApparatebau\",\"https:\/\/de.wikipedia.org\/wiki\/Secumar\"]}]}<\/script>\n<!-- \/ Yoast SEO plugin. -->","yoast_head_json":{"title":"ars secumaris Konzert Clara und Marie Becker - SECUMAR","robots":{"index":"index","follow":"follow","max-snippet":"max-snippet:-1","max-image-preview":"max-image-preview:large","max-video-preview":"max-video-preview:-1"},"canonical":"https:\/\/www.secumar.com\/events\/ars-secumaris-clara-und-marie-becker\/","og_locale":"en_US","og_type":"article","og_title":"ars secumaris Konzert Clara und Marie Becker - SECUMAR","og_description":"Klaviergenuss vierh\u00e4ndig \u2013 Clara und Marie Becker Was gibt es Sch\u00f6neres, als sich im k\u00fchlen Herbst mit zauberhafter Klaviermusik in andere Welten zu tr\u00e4umen? Das Holmer Unternehmen Bernhardt Apparatebau macht es m\u00f6glich. Im Rahmen der Kulturreihe ars secumaris werden die Pianistinnen Clara und Marie Becker vierh\u00e4ndig gro\u00dfe Werke der Piano-Literatur zu Geh\u00f6r bringen.","og_url":"https:\/\/www.secumar.com\/events\/ars-secumaris-clara-und-marie-becker\/","og_site_name":"SECUMAR","article_publisher":"https:\/\/www.facebook.com\/Secumar\/","article_modified_time":"2025-02-12T08:23:31+00:00","og_image":[{"width":1191,"height":1191,"url":"https:\/\/www.secumar.com\/wp-content\/uploads\/2024\/10\/Clara-und-Marie-Becker.jpg","type":"image\/jpeg"}],"twitter_card":"summary_large_image","twitter_misc":{"Est. reading time":"3 minutes"},"schema":{"@context":"https:\/\/schema.org","@graph":[{"@type":"WebPage","@id":"https:\/\/www.secumar.com\/events\/ars-secumaris-clara-und-marie-becker\/","url":"https:\/\/www.secumar.com\/events\/ars-secumaris-clara-und-marie-becker\/","name":"ars secumaris Konzert Clara und Marie Becker - SECUMAR","isPartOf":{"@id":"https:\/\/www.secumar.com\/#website"},"primaryImageOfPage":{"@id":"https:\/\/www.secumar.com\/events\/ars-secumaris-clara-und-marie-becker\/#primaryimage"},"image":{"@id":"https:\/\/www.secumar.com\/events\/ars-secumaris-clara-und-marie-becker\/#primaryimage"},"thumbnailUrl":"https:\/\/www.secumar.com\/wp-content\/uploads\/2024\/10\/Clara-und-Marie-Becker.jpg","datePublished":"2024-10-24T14:06:52+00:00","dateModified":"2025-02-12T08:23:31+00:00","breadcrumb":{"@id":"https:\/\/www.secumar.com\/events\/ars-secumaris-clara-und-marie-becker\/#breadcrumb"},"inLanguage":"en-US","potentialAction":[{"@type":"ReadAction","target":["https:\/\/www.secumar.com\/events\/ars-secumaris-clara-und-marie-becker\/"]}]},{"@type":"ImageObject","inLanguage":"en-US","@id":"https:\/\/www.secumar.com\/events\/ars-secumaris-clara-und-marie-becker\/#primaryimage","url":"https:\/\/www.secumar.com\/wp-content\/uploads\/2024\/10\/Clara-und-Marie-Becker.jpg","contentUrl":"https:\/\/www.secumar.com\/wp-content\/uploads\/2024\/10\/Clara-und-Marie-Becker.jpg","width":1191,"height":1191},{"@type":"BreadcrumbList","@id":"https:\/\/www.secumar.com\/events\/ars-secumaris-clara-und-marie-becker\/#breadcrumb","itemListElement":[{"@type":"ListItem","position":1,"name":"Startseite","item":"https:\/\/www.secumar.com\/en\/"},{"@type":"ListItem","position":2,"name":"Veranstaltungen","item":"https:\/\/www.secumar.com\/events\/"},{"@type":"ListItem","position":3,"name":"ars secumaris Konzert Clara und Marie Becker"}]},{"@type":"WebSite","@id":"https:\/\/www.secumar.com\/#website","url":"https:\/\/www.secumar.com\/","name":"SECUMAR","description":"Bernhardt Apparatebau GmbH u. Co.","publisher":{"@id":"https:\/\/www.secumar.com\/#organization"},"potentialAction":[{"@type":"SearchAction","target":{"@type":"EntryPoint","urlTemplate":"https:\/\/www.secumar.com\/?s={search_term_string}"},"query-input":{"@type":"PropertyValueSpecification","valueRequired":true,"valueName":"search_term_string"}}],"inLanguage":"en-US"},{"@type":"Organization","@id":"https:\/\/www.secumar.com\/#organization","name":"Bernhardt Apparatebau GmbH u. Co.","url":"https:\/\/www.secumar.com\/","logo":{"@type":"ImageObject","inLanguage":"en-US","@id":"https:\/\/www.secumar.com\/#\/schema\/logo\/image\/","url":"https:\/\/www.secumar.com\/wp-content\/uploads\/2016\/09\/S-Logo_150px-3.jpg","contentUrl":"https:\/\/www.secumar.com\/wp-content\/uploads\/2016\/09\/S-Logo_150px-3.jpg","width":150,"height":150,"caption":"Bernhardt Apparatebau GmbH u. Co."},"image":{"@id":"https:\/\/www.secumar.com\/#\/schema\/logo\/image\/"},"sameAs":["https:\/\/www.facebook.com\/Secumar\/","https:\/\/www.instagram.com\/secumar\/","https:\/\/www.linkedin.com\/company-beta\/8684519\/","https:\/\/www.youtube.com\/user\/BernhardtApparatebau","https:\/\/de.wikipedia.org\/wiki\/Secumar"]}]}},"_links":{"self":[{"href":"https:\/\/www.secumar.com\/en\/wp-json\/wp\/v2\/events\/55021","targetHints":{"allow":["GET"]}}],"collection":[{"href":"https:\/\/www.secumar.com\/en\/wp-json\/wp\/v2\/events"}],"about":[{"href":"https:\/\/www.secumar.com\/en\/wp-json\/wp\/v2\/types\/events"}],"version-history":[{"count":4,"href":"https:\/\/www.secumar.com\/en\/wp-json\/wp\/v2\/events\/55021\/revisions"}],"predecessor-version":[{"id":56268,"href":"https:\/\/www.secumar.com\/en\/wp-json\/wp\/v2\/events\/55021\/revisions\/56268"}],"wp:featuredmedia":[{"embeddable":true,"href":"https:\/\/www.secumar.com\/en\/wp-json\/wp\/v2\/media\/55439"}],"wp:attachment":[{"href":"https:\/\/www.secumar.com\/en\/wp-json\/wp\/v2\/media?parent=55021"}],"curies":[{"name":"wp","href":"https:\/\/api.w.org\/{rel}","templated":true}]}}