{"id":36171,"date":"2017-12-06T12:42:40","date_gmt":"2017-12-06T11:42:40","guid":{"rendered":"https:\/\/www.secumar.com\/?post_type=events&#038;p=36171"},"modified":"2020-02-22T22:44:49","modified_gmt":"2020-02-22T21:44:49","slug":"ars-secumaris-vernissage-2","status":"publish","type":"events","link":"https:\/\/www.secumar.com\/en\/events\/ars-secumaris-vernissage-2\/","title":{"rendered":"ars secumaris Vernissage &#8220;Portrait, Akt und mehr&#8221;"},"content":{"rendered":"<p>Der Mensch im Mittelpunkt \u2013 Es war an Generationen von K\u00fcnstlern nach diesem Slogan zu arbeiten, von Leonardo bis zu den holl\u00e4ndischen Meistern. Dies geschah lange bevor Pflegedienste, Versicherungen und viele andere kommerzielle Anbieter diese Philosophie f\u00fcr sich in Beschlag genommen haben. Elke H\u00fcttmann setzt die Tradition dieses Themas fort. Im Rahmen der Reihe \u201ears secumaris\u201c wird sie ihr Schaffen \u201ePortrait, Akt und mehr\u201c pr\u00e4sentieren.<br \/>\n<!--more--><\/p>\n<p>&nbsp;<\/p>\n<h3>Elke H\u00fcttmann zeigt &#8220;Portrait, Akt und mehr&#8221;<\/h3>\n<div id=\"attachment_37419\" style=\"width: 310px\" class=\"wp-caption alignright\"><img decoding=\"async\" aria-describedby=\"caption-attachment-37419\" class=\"wp-image-37419 size-medium\" src=\"https:\/\/www.secumar.com\/wp-content\/uploads\/2018\/09\/ars-secumaris-Elke-H\u00fcttmann-300x300.jpg\" alt=\"Die K\u00fcnstlerin Elke H\u00fcttmann\" width=\"300\" height=\"300\" srcset=\"https:\/\/www.secumar.com\/wp-content\/uploads\/2018\/09\/ars-secumaris-Elke-H\u00fcttmann-300x300.jpg 300w, https:\/\/www.secumar.com\/wp-content\/uploads\/2018\/09\/ars-secumaris-Elke-H\u00fcttmann-100x100.jpg 100w, https:\/\/www.secumar.com\/wp-content\/uploads\/2018\/09\/ars-secumaris-Elke-H\u00fcttmann-600x600.jpg 600w, https:\/\/www.secumar.com\/wp-content\/uploads\/2018\/09\/ars-secumaris-Elke-H\u00fcttmann.jpg 900w\" sizes=\"(max-width: 300px) 100vw, 300px\" \/><p id=\"caption-attachment-37419\" class=\"wp-caption-text\">Die K\u00fcnstlerin Elke H\u00fcttmann<\/p><\/div>\n<p>Seit ihrer Kindheit und Jugend besch\u00e4ftigt sich die Studiendirektorin mit der Malerei. Schon fr\u00fch stellte sie den Menschen in den Mittelpunkt ihres k\u00fcnstlerischen Schaffens. Dabei interessiert sie vor allem Aura und \u00c4sthetik \u2013 Eigenschaften, die jeder Mensch auf seine besondere Art besitzt. Bei den Aktbildern ver\u00e4ndern die Modelle ihre Position im Minutentakt. Dadurch wird das Sehen f\u00fcr anatomische Studien geschult und der Sinn f\u00fcr Proportionen pr\u00e4zisiert.<\/p>\n<p>Neben ihren Portraits und Aktbildern zeigen unterschiedliche Motive wie Natur- und Stillleben sowie Monotypien die Vielseitigkeit des Schaffens von Elke H\u00fcttmann. Linien, Fl\u00e4chen und eine vorrangig expressionistische Farbgebung betrachtet sie als gleichwertig. Wie Max Beckmann liebt auch sie die Konturierung in Schwarz oder Grau.<\/p>\n<p>&nbsp;<\/p>\n<h3>Einlass ab 19 Uhr, Beginn um 19:30 Uhr<\/h3>\n<p>Die Hamburger K\u00fcnstlerinnen und K\u00fcnstler Petra Sch\u00f6newald, Ute M. K\u00fchn und Tomasz Paczewski halfen Elke H\u00fcttmann, sich k\u00fcnstlerisch zu entfalten. Sie nahm an Kursen f\u00fcr Akt-, Portrait- und Acrylmalerei teil. Parallel dazu besuchte sie Vorlesungen und \u00dcbungen in Kunstgeschichte an der Universit\u00e4t Hamburg. Ute M. K\u00fchn wird auch die Einf\u00fchrung in den Abend \u00fcbernehmen, zu dem G\u00e4ste ab 19 Uhr willkommen sind. F\u00fcr die musikalische Begleitung sind Julia Bernhardt und Sch\u00fcler vom Musikzentrum Schulauer Hof zust\u00e4ndig.<\/p>\n<p>&nbsp;<\/p>\n<div id=\"attachment_37406\" style=\"width: 310px\" class=\"wp-caption alignleft\"><a href=\"https:\/\/www.secumar.com\/wp-content\/uploads\/2018\/09\/ars-secumaris-Elke-H\u00fcttmann-Portrait-Akt-und-mehr-3.jpg\"><img decoding=\"async\" aria-describedby=\"caption-attachment-37406\" class=\"wp-image-37406 size-medium\" src=\"https:\/\/www.secumar.com\/wp-content\/uploads\/2018\/09\/ars-secumaris-Elke-H\u00fcttmann-Portrait-Akt-und-mehr-3-300x300.jpg\" alt=\"Elke H\u00fcttmann - Portrait\" width=\"300\" height=\"300\" srcset=\"https:\/\/www.secumar.com\/wp-content\/uploads\/2018\/09\/ars-secumaris-Elke-H\u00fcttmann-Portrait-Akt-und-mehr-3-300x300.jpg 300w, https:\/\/www.secumar.com\/wp-content\/uploads\/2018\/09\/ars-secumaris-Elke-H\u00fcttmann-Portrait-Akt-und-mehr-3-100x100.jpg 100w, https:\/\/www.secumar.com\/wp-content\/uploads\/2018\/09\/ars-secumaris-Elke-H\u00fcttmann-Portrait-Akt-und-mehr-3-600x600.jpg 600w, https:\/\/www.secumar.com\/wp-content\/uploads\/2018\/09\/ars-secumaris-Elke-H\u00fcttmann-Portrait-Akt-und-mehr-3.jpg 900w\" sizes=\"(max-width: 300px) 100vw, 300px\" \/><\/a><p id=\"caption-attachment-37406\" class=\"wp-caption-text\">Portrait,<\/p><\/div>\n<div id=\"attachment_37410\" style=\"width: 310px\" class=\"wp-caption alignleft\"><a href=\"https:\/\/www.secumar.com\/wp-content\/uploads\/2018\/09\/ars-secumaris-Elke-H\u00fcttmann-Portrait-Akt-und-mehr-1.jpg\"><img decoding=\"async\" aria-describedby=\"caption-attachment-37410\" class=\"wp-image-37410 size-thumbnail\" src=\"https:\/\/www.secumar.com\/wp-content\/uploads\/2018\/09\/ars-secumaris-Elke-H\u00fcttmann-Portrait-Akt-und-mehr-1-300x300.jpg\" alt=\"Elke H\u00fcttmann - Akt \" width=\"300\" height=\"300\" srcset=\"https:\/\/www.secumar.com\/wp-content\/uploads\/2018\/09\/ars-secumaris-Elke-H\u00fcttmann-Portrait-Akt-und-mehr-1-300x300.jpg 300w, https:\/\/www.secumar.com\/wp-content\/uploads\/2018\/09\/ars-secumaris-Elke-H\u00fcttmann-Portrait-Akt-und-mehr-1-100x100.jpg 100w, https:\/\/www.secumar.com\/wp-content\/uploads\/2018\/09\/ars-secumaris-Elke-H\u00fcttmann-Portrait-Akt-und-mehr-1-600x600.jpg 600w, https:\/\/www.secumar.com\/wp-content\/uploads\/2018\/09\/ars-secumaris-Elke-H\u00fcttmann-Portrait-Akt-und-mehr-1.jpg 900w\" sizes=\"(max-width: 300px) 100vw, 300px\" \/><\/a><p id=\"caption-attachment-37410\" class=\"wp-caption-text\">Akt<\/p><\/div>\n<div id=\"attachment_37414\" style=\"width: 310px\" class=\"wp-caption alignleft\"><a href=\"https:\/\/www.secumar.com\/wp-content\/uploads\/2018\/09\/ars-secumaris-Elke-H\u00fcttmann-Portrait-Akt-und-mehr-2.jpg\"><img decoding=\"async\" aria-describedby=\"caption-attachment-37414\" class=\"wp-image-37414 size-thumbnail\" src=\"https:\/\/www.secumar.com\/wp-content\/uploads\/2018\/09\/ars-secumaris-Elke-H\u00fcttmann-Portrait-Akt-und-mehr-2-300x300.jpg\" alt=\"Elke H\u00fcttmann - und mehr \" width=\"300\" height=\"300\" srcset=\"https:\/\/www.secumar.com\/wp-content\/uploads\/2018\/09\/ars-secumaris-Elke-H\u00fcttmann-Portrait-Akt-und-mehr-2-300x300.jpg 300w, https:\/\/www.secumar.com\/wp-content\/uploads\/2018\/09\/ars-secumaris-Elke-H\u00fcttmann-Portrait-Akt-und-mehr-2-100x100.jpg 100w, https:\/\/www.secumar.com\/wp-content\/uploads\/2018\/09\/ars-secumaris-Elke-H\u00fcttmann-Portrait-Akt-und-mehr-2-600x600.jpg 600w, https:\/\/www.secumar.com\/wp-content\/uploads\/2018\/09\/ars-secumaris-Elke-H\u00fcttmann-Portrait-Akt-und-mehr-2.jpg 900w\" sizes=\"(max-width: 300px) 100vw, 300px\" \/><\/a><p id=\"caption-attachment-37414\" class=\"wp-caption-text\">und mehr<\/p><\/div>\n<p>&nbsp;<\/p>\n<hr \/>\n<h3>Die Kulturreihe ars secumaris<\/h3>\n<p>Mit der Kulturreihe \u201e<a href=\"https:\/\/www.secumar.com\/events\/category\/ars-secumaris\/\">ars secumaris<\/a>\u201c schl\u00e4gt das Unternehmen Bernhardt Apparatebau, f\u00fchrender Hersteller von Rettungswesten unter dem Markennamen SECUMAR, eine Br\u00fccke zwischen Kunst und Wirtschaft. Regelm\u00e4\u00dfig stellt die Firma ihre R\u00e4umlichkeiten K\u00fcnstlern f\u00fcr Ausstellungen und Konzerte zur Verf\u00fcgung.<\/p>\n<p>Weitere Informationen erhalten per E-Mail an <a href=\"mailto:info@secumar.com\">info@secumar.com<\/a> oder unter der Telefonnummer <a href=\"tel:+4941031250\">04103-125 0<\/a>.<\/p>\n<p>&nbsp;<\/p>\n<p>Bernhardt Apparatebau GmbH u. Co.<br \/>\nBredhornweg 39<br \/>\nD-25488 Holm<\/p>\n<p>Tel.: <a href=\"tel:+4941031250\">04103-125 0<\/a><br \/>\nFax: <a href=\"fax:+494103125100\">04103-125 100<\/a><br \/>\nE-Mail: <a href=\"mailto:info@secumar.com\">info@secumar.com<\/a> oder \u00fcber unser <a href=\"https:\/\/www.secumar.com\/kontakt\/\">Kontaktformular<\/a><\/p>\n","protected":false},"featured_media":37402,"template":"","meta":{"_acf_changed":false,"_searchwp_excluded":"","editor_plus_copied_stylings":"{}","footnotes":"","_links_to":"","_links_to_target":""},"class_list":["post-36171","events","type-events","status-publish","has-post-thumbnail","hentry","event_category-ars-secumaris"],"acf":[],"yoast_head":"<!-- This site is optimized with the Yoast SEO plugin v24.6 - https:\/\/yoast.com\/wordpress\/plugins\/seo\/ -->\n<title>ars secumaris Vernissage &quot;Portrait, Akt und mehr&quot; - SECUMAR<\/title>\n<meta name=\"robots\" content=\"index, follow, max-snippet:-1, max-image-preview:large, max-video-preview:-1\" \/>\n<link rel=\"canonical\" href=\"https:\/\/www.secumar.com\/en\/events\/ars-secumaris-vernissage-2\/\" \/>\n<meta property=\"og:locale\" content=\"en_US\" \/>\n<meta property=\"og:type\" content=\"article\" \/>\n<meta property=\"og:title\" content=\"ars secumaris Vernissage &quot;Portrait, Akt und mehr&quot; - SECUMAR\" \/>\n<meta property=\"og:description\" content=\"Der Mensch im Mittelpunkt \u2013 Es war an Generationen von K\u00fcnstlern nach diesem Slogan zu arbeiten, von Leonardo bis zu den holl\u00e4ndischen Meistern. Dies geschah lange bevor Pflegedienste, Versicherungen und viele andere kommerzielle Anbieter diese Philosophie f\u00fcr sich in Beschlag genommen haben. Elke H\u00fcttmann setzt die Tradition dieses Themas fort. Im Rahmen der Reihe \u201ears [&hellip;]\" \/>\n<meta property=\"og:url\" content=\"https:\/\/www.secumar.com\/en\/events\/ars-secumaris-vernissage-2\/\" \/>\n<meta property=\"og:site_name\" content=\"SECUMAR\" \/>\n<meta property=\"article:publisher\" content=\"https:\/\/www.facebook.com\/Secumar\/\" \/>\n<meta property=\"article:modified_time\" content=\"2020-02-22T21:44:49+00:00\" \/>\n<meta property=\"og:image\" content=\"https:\/\/www.secumar.com\/wp-content\/uploads\/2018\/09\/ars-secumaris-Portrait-Akt-und-mehr.jpg\" \/>\n\t<meta property=\"og:image:width\" content=\"1140\" \/>\n\t<meta property=\"og:image:height\" content=\"400\" \/>\n\t<meta property=\"og:image:type\" content=\"image\/jpeg\" \/>\n<meta name=\"twitter:card\" content=\"summary_large_image\" \/>\n<meta name=\"twitter:label1\" content=\"Est. reading time\" \/>\n\t<meta name=\"twitter:data1\" content=\"2 minutes\" \/>\n<script type=\"application\/ld+json\" class=\"yoast-schema-graph\">{\"@context\":\"https:\/\/schema.org\",\"@graph\":[{\"@type\":\"WebPage\",\"@id\":\"https:\/\/www.secumar.com\/en\/events\/ars-secumaris-vernissage-2\/\",\"url\":\"https:\/\/www.secumar.com\/en\/events\/ars-secumaris-vernissage-2\/\",\"name\":\"ars secumaris Vernissage \\\"Portrait, Akt und mehr\\\" - SECUMAR\",\"isPartOf\":{\"@id\":\"https:\/\/www.secumar.com\/#website\"},\"primaryImageOfPage\":{\"@id\":\"https:\/\/www.secumar.com\/en\/events\/ars-secumaris-vernissage-2\/#primaryimage\"},\"image\":{\"@id\":\"https:\/\/www.secumar.com\/en\/events\/ars-secumaris-vernissage-2\/#primaryimage\"},\"thumbnailUrl\":\"https:\/\/www.secumar.com\/wp-content\/uploads\/2018\/09\/ars-secumaris-Portrait-Akt-und-mehr.jpg\",\"datePublished\":\"2017-12-06T11:42:40+00:00\",\"dateModified\":\"2020-02-22T21:44:49+00:00\",\"breadcrumb\":{\"@id\":\"https:\/\/www.secumar.com\/en\/events\/ars-secumaris-vernissage-2\/#breadcrumb\"},\"inLanguage\":\"en-US\",\"potentialAction\":[{\"@type\":\"ReadAction\",\"target\":[\"https:\/\/www.secumar.com\/en\/events\/ars-secumaris-vernissage-2\/\"]}]},{\"@type\":\"ImageObject\",\"inLanguage\":\"en-US\",\"@id\":\"https:\/\/www.secumar.com\/en\/events\/ars-secumaris-vernissage-2\/#primaryimage\",\"url\":\"https:\/\/www.secumar.com\/wp-content\/uploads\/2018\/09\/ars-secumaris-Portrait-Akt-und-mehr.jpg\",\"contentUrl\":\"https:\/\/www.secumar.com\/wp-content\/uploads\/2018\/09\/ars-secumaris-Portrait-Akt-und-mehr.jpg\",\"width\":1140,\"height\":400,\"caption\":\"ars secumaris - Portrait, Akt und mehr\"},{\"@type\":\"BreadcrumbList\",\"@id\":\"https:\/\/www.secumar.com\/en\/events\/ars-secumaris-vernissage-2\/#breadcrumb\",\"itemListElement\":[{\"@type\":\"ListItem\",\"position\":1,\"name\":\"Startseite\",\"item\":\"https:\/\/www.secumar.com\/en\/\"},{\"@type\":\"ListItem\",\"position\":2,\"name\":\"Veranstaltungen\",\"item\":\"https:\/\/www.secumar.com\/events\/\"},{\"@type\":\"ListItem\",\"position\":3,\"name\":\"ars secumaris Vernissage &#8220;Portrait, Akt und mehr&#8221;\"}]},{\"@type\":\"WebSite\",\"@id\":\"https:\/\/www.secumar.com\/#website\",\"url\":\"https:\/\/www.secumar.com\/\",\"name\":\"SECUMAR\",\"description\":\"Bernhardt Apparatebau GmbH u. Co.\",\"publisher\":{\"@id\":\"https:\/\/www.secumar.com\/#organization\"},\"potentialAction\":[{\"@type\":\"SearchAction\",\"target\":{\"@type\":\"EntryPoint\",\"urlTemplate\":\"https:\/\/www.secumar.com\/?s={search_term_string}\"},\"query-input\":{\"@type\":\"PropertyValueSpecification\",\"valueRequired\":true,\"valueName\":\"search_term_string\"}}],\"inLanguage\":\"en-US\"},{\"@type\":\"Organization\",\"@id\":\"https:\/\/www.secumar.com\/#organization\",\"name\":\"Bernhardt Apparatebau GmbH u. Co.\",\"url\":\"https:\/\/www.secumar.com\/\",\"logo\":{\"@type\":\"ImageObject\",\"inLanguage\":\"en-US\",\"@id\":\"https:\/\/www.secumar.com\/#\/schema\/logo\/image\/\",\"url\":\"https:\/\/www.secumar.com\/wp-content\/uploads\/2016\/09\/S-Logo_150px-3.jpg\",\"contentUrl\":\"https:\/\/www.secumar.com\/wp-content\/uploads\/2016\/09\/S-Logo_150px-3.jpg\",\"width\":150,\"height\":150,\"caption\":\"Bernhardt Apparatebau GmbH u. Co.\"},\"image\":{\"@id\":\"https:\/\/www.secumar.com\/#\/schema\/logo\/image\/\"},\"sameAs\":[\"https:\/\/www.facebook.com\/Secumar\/\",\"https:\/\/www.instagram.com\/secumar\/\",\"https:\/\/www.linkedin.com\/company-beta\/8684519\/\",\"https:\/\/www.youtube.com\/user\/BernhardtApparatebau\",\"https:\/\/de.wikipedia.org\/wiki\/Secumar\"]}]}<\/script>\n<!-- \/ Yoast SEO plugin. -->","yoast_head_json":{"title":"ars secumaris Vernissage \"Portrait, Akt und mehr\" - SECUMAR","robots":{"index":"index","follow":"follow","max-snippet":"max-snippet:-1","max-image-preview":"max-image-preview:large","max-video-preview":"max-video-preview:-1"},"canonical":"https:\/\/www.secumar.com\/en\/events\/ars-secumaris-vernissage-2\/","og_locale":"en_US","og_type":"article","og_title":"ars secumaris Vernissage \"Portrait, Akt und mehr\" - SECUMAR","og_description":"Der Mensch im Mittelpunkt \u2013 Es war an Generationen von K\u00fcnstlern nach diesem Slogan zu arbeiten, von Leonardo bis zu den holl\u00e4ndischen Meistern. Dies geschah lange bevor Pflegedienste, Versicherungen und viele andere kommerzielle Anbieter diese Philosophie f\u00fcr sich in Beschlag genommen haben. Elke H\u00fcttmann setzt die Tradition dieses Themas fort. Im Rahmen der Reihe \u201ears [&hellip;]","og_url":"https:\/\/www.secumar.com\/en\/events\/ars-secumaris-vernissage-2\/","og_site_name":"SECUMAR","article_publisher":"https:\/\/www.facebook.com\/Secumar\/","article_modified_time":"2020-02-22T21:44:49+00:00","og_image":[{"width":1140,"height":400,"url":"https:\/\/www.secumar.com\/wp-content\/uploads\/2018\/09\/ars-secumaris-Portrait-Akt-und-mehr.jpg","type":"image\/jpeg"}],"twitter_card":"summary_large_image","twitter_misc":{"Est. reading time":"2 minutes"},"schema":{"@context":"https:\/\/schema.org","@graph":[{"@type":"WebPage","@id":"https:\/\/www.secumar.com\/en\/events\/ars-secumaris-vernissage-2\/","url":"https:\/\/www.secumar.com\/en\/events\/ars-secumaris-vernissage-2\/","name":"ars secumaris Vernissage \"Portrait, Akt und mehr\" - SECUMAR","isPartOf":{"@id":"https:\/\/www.secumar.com\/#website"},"primaryImageOfPage":{"@id":"https:\/\/www.secumar.com\/en\/events\/ars-secumaris-vernissage-2\/#primaryimage"},"image":{"@id":"https:\/\/www.secumar.com\/en\/events\/ars-secumaris-vernissage-2\/#primaryimage"},"thumbnailUrl":"https:\/\/www.secumar.com\/wp-content\/uploads\/2018\/09\/ars-secumaris-Portrait-Akt-und-mehr.jpg","datePublished":"2017-12-06T11:42:40+00:00","dateModified":"2020-02-22T21:44:49+00:00","breadcrumb":{"@id":"https:\/\/www.secumar.com\/en\/events\/ars-secumaris-vernissage-2\/#breadcrumb"},"inLanguage":"en-US","potentialAction":[{"@type":"ReadAction","target":["https:\/\/www.secumar.com\/en\/events\/ars-secumaris-vernissage-2\/"]}]},{"@type":"ImageObject","inLanguage":"en-US","@id":"https:\/\/www.secumar.com\/en\/events\/ars-secumaris-vernissage-2\/#primaryimage","url":"https:\/\/www.secumar.com\/wp-content\/uploads\/2018\/09\/ars-secumaris-Portrait-Akt-und-mehr.jpg","contentUrl":"https:\/\/www.secumar.com\/wp-content\/uploads\/2018\/09\/ars-secumaris-Portrait-Akt-und-mehr.jpg","width":1140,"height":400,"caption":"ars secumaris - Portrait, Akt und mehr"},{"@type":"BreadcrumbList","@id":"https:\/\/www.secumar.com\/en\/events\/ars-secumaris-vernissage-2\/#breadcrumb","itemListElement":[{"@type":"ListItem","position":1,"name":"Startseite","item":"https:\/\/www.secumar.com\/en\/"},{"@type":"ListItem","position":2,"name":"Veranstaltungen","item":"https:\/\/www.secumar.com\/events\/"},{"@type":"ListItem","position":3,"name":"ars secumaris Vernissage &#8220;Portrait, Akt und mehr&#8221;"}]},{"@type":"WebSite","@id":"https:\/\/www.secumar.com\/#website","url":"https:\/\/www.secumar.com\/","name":"SECUMAR","description":"Bernhardt Apparatebau GmbH u. Co.","publisher":{"@id":"https:\/\/www.secumar.com\/#organization"},"potentialAction":[{"@type":"SearchAction","target":{"@type":"EntryPoint","urlTemplate":"https:\/\/www.secumar.com\/?s={search_term_string}"},"query-input":{"@type":"PropertyValueSpecification","valueRequired":true,"valueName":"search_term_string"}}],"inLanguage":"en-US"},{"@type":"Organization","@id":"https:\/\/www.secumar.com\/#organization","name":"Bernhardt Apparatebau GmbH u. Co.","url":"https:\/\/www.secumar.com\/","logo":{"@type":"ImageObject","inLanguage":"en-US","@id":"https:\/\/www.secumar.com\/#\/schema\/logo\/image\/","url":"https:\/\/www.secumar.com\/wp-content\/uploads\/2016\/09\/S-Logo_150px-3.jpg","contentUrl":"https:\/\/www.secumar.com\/wp-content\/uploads\/2016\/09\/S-Logo_150px-3.jpg","width":150,"height":150,"caption":"Bernhardt Apparatebau GmbH u. Co."},"image":{"@id":"https:\/\/www.secumar.com\/#\/schema\/logo\/image\/"},"sameAs":["https:\/\/www.facebook.com\/Secumar\/","https:\/\/www.instagram.com\/secumar\/","https:\/\/www.linkedin.com\/company-beta\/8684519\/","https:\/\/www.youtube.com\/user\/BernhardtApparatebau","https:\/\/de.wikipedia.org\/wiki\/Secumar"]}]}},"_links":{"self":[{"href":"https:\/\/www.secumar.com\/en\/wp-json\/wp\/v2\/events\/36171","targetHints":{"allow":["GET"]}}],"collection":[{"href":"https:\/\/www.secumar.com\/en\/wp-json\/wp\/v2\/events"}],"about":[{"href":"https:\/\/www.secumar.com\/en\/wp-json\/wp\/v2\/types\/events"}],"version-history":[{"count":3,"href":"https:\/\/www.secumar.com\/en\/wp-json\/wp\/v2\/events\/36171\/revisions"}],"predecessor-version":[{"id":42491,"href":"https:\/\/www.secumar.com\/en\/wp-json\/wp\/v2\/events\/36171\/revisions\/42491"}],"wp:featuredmedia":[{"embeddable":true,"href":"https:\/\/www.secumar.com\/en\/wp-json\/wp\/v2\/media\/37402"}],"wp:attachment":[{"href":"https:\/\/www.secumar.com\/en\/wp-json\/wp\/v2\/media?parent=36171"}],"curies":[{"name":"wp","href":"https:\/\/api.w.org\/{rel}","templated":true}]}}